{"id":12482,"date":"2016-11-18T18:17:12","date_gmt":"2016-11-18T22:47:12","guid":{"rendered":"https:\/\/tucuatro.com\/es\/cancion\/querida\/"},"modified":"2016-11-18T18:17:12","modified_gmt":"2016-11-18T22:47:12","slug":"querida","status":"publish","type":"cancion","link":"https:\/\/tucuatro.com\/es\/cancion\/querida\/","title":{"rendered":"Querida"},"content":{"rendered":"<p>C Em F G7<\/p>\n<p>C       Em  F<br \/>\nQuerida,<br \/>\n       G7          C    Em F<br \/>\ncada momento de mi vida<br \/>\n             G7          C   Em<br \/>\nyo pienso en ti m\u00e1s cada dia<br \/>\nF<br \/>\nmira mi soledad<br \/>\nF<br \/>\nmira mi soledad<br \/>\n                       A#           C<br \/>\nque no me sienta nada bien..ohh ven ya<br \/>\nC         Em F<br \/>\nQuerida,<br \/>\n           G7             C    Em F<br \/>\nno me ha sanado bien la herida<br \/>\n              G7       C   Em<br \/>\nte extra\u00f1o y lloro todav\u00eda<br \/>\nF<br \/>\nmira mi soledad<br \/>\nF<br \/>\nmira mi soledad<br \/>\n                       A#<br \/>\nque no me sienta nada bien..oh ven ya<\/p>\n<p>Se repite la secuencia siempre<\/p>\n<p>Querida,<\/p>\n<p>piensa en m\u00ed solo un momento y ven<\/p>\n<p>date cuenta de que el tiempo es cruel <\/p>\n<p>y lo he pasado yo sin ti..oh ven ya..ah ah<\/p>\n<p>Querida, <\/p>\n<p>hazlo por quien m\u00e1s quieras t\u00fa <\/p>\n<p>yo quiero ver de nuevo luz <\/p>\n<p>en toda mi casa <\/p>\n<p>Oh oh querida,<\/p>\n<p>ven a m\u00ed que estoy sufriendo <\/p>\n<p>ven a m\u00ed que estoy muriendo <\/p>\n<p>en esta soledad <\/p>\n<p>en esta soledad <\/p>\n<p>que no me sienta nada bien&#8230;.ven<\/p>\n<p>Querida,<br \/>\npor lo que quieras t\u00fa m\u00e1s ven<br \/>\nmas compasi\u00f3n de m\u00ed t\u00fa ten<br \/>\nmira mi soledad<br \/>\nmira mi soledad<br \/>\nque no me sienta nada bien<br \/>\nQuerida,<br \/>\nQuerida,<br \/>\nDime cuando t\u00fa<br \/>\ndime cuando t\u00fa<br \/>\ndime cuando t\u00fa vas a volver ajai<br \/>\ndime cuando t\u00fa<br \/>\ndime cuando t\u00fa<br \/>\ndime cuando t\u00fa vas a volver <\/p>\n<p>Querida&#8230;..eje,<br \/>\nQuerida,<br \/>\nDime cuando t\u00fa<br \/>\ndime cuando t\u00fa<br \/>\ndime cuando t\u00fa vas a volver ajai<br \/>\ndime cuando t\u00fa<br \/>\ndime cuando t\u00fa<br \/>\ndime cuando t\u00fa vas a volver<br \/>\nAja aja t\u00fa, ven a mi soledad&#8230;t\u00fa<br \/>\nYo no puedo ni me quiero olvidar ahu<br \/>\nDime cuando t\u00fa&#8230;. hey t\u00fa<br \/>\nDime cuando t\u00fa&#8230;. hey t\u00fa<\/p>\n","protected":false},"excerpt":{"rendered":"<p>C Em F G7 C Em F Querida, G7 C Em F cada momento de mi vida G7 C Em yo pienso en ti m\u00e1s cada dia F mira mi soledad F mira mi soledad A# C que no me sienta nada bien..ohh ven ya C Em F Querida, G7 C Em F no me [&hellip;]<\/p>\n","protected":false},"author":1,"featured_media":27851,"parent":0,"comment_status":"open","ping_status":"closed","template":"","song-composer":[],"song-performer":[],"song-genre":[145],"song-level":[109],"song-instrument":[],"song-country":[138],"song-songbook":[],"class_list":["post-12482","cancion","type-cancion","status-publish","has-post-thumbnail","hentry","song-genre-ranchera","song-level-basico","song-country-mexico"],"_tucuatro_song_artist":"Juan Gabriel","_tucuatro_song_info":"","_featured_video":"https:\/\/www.youtube.com\/watch?v=fX1-WQsHjOk","yoast_head":"<!-- This site is optimized with the Yoast SEO plugin v27.2 - https:\/\/yoast.com\/product\/yoast-seo-wordpress\/ -->\n<title>Querida - Letras y Acordes de la Canci\u00f3n - TuCuatro - El Cuatro Venezolano<\/title>\n<meta name=\"description\" content=\"C Em F G7 C Em F Querida, G7 C Em F cada momento de mi vida G7 C Em yo pienso en ti m\u00e1s cada dia F mira mi soledad F mira mi soledad A# C que no me sienta\" \/>\n<meta name=\"robots\" content=\"index, follow, max-snippet:-1, max-image-preview:large, max-video-preview:-1\" \/>\n<link rel=\"canonical\" href=\"https:\/\/tucuatro.com\/es\/cancion\/querida\/\" \/>\n<meta property=\"og:locale\" content=\"es_ES\" \/>\n<meta property=\"og:type\" content=\"article\" \/>\n<meta property=\"og:title\" content=\"Querida - Letras y Acordes de la Canci\u00f3n - TuCuatro - El Cuatro Venezolano\" \/>\n<meta property=\"og:description\" content=\"C Em F G7 C Em F Querida, G7 C Em F cada momento de mi vida G7 C Em yo pienso en ti m\u00e1s cada dia F mira mi soledad F mira mi soledad A# C que no me sienta\" \/>\n<meta property=\"og:url\" content=\"https:\/\/tucuatro.com\/es\/cancion\/querida\/\" \/>\n<meta property=\"og:site_name\" content=\"TuCuatro - El Cuatro Venezolano\" \/>\n<meta property=\"article:publisher\" content=\"https:\/\/facebook.com\/tucuatrodigital\" \/>\n<meta property=\"og:image\" content=\"https:\/\/tucuatro.com\/es\/wp-content\/uploads\/sites\/3\/2016\/11\/mqdefault-92.jpg\" \/>\n\t<meta property=\"og:image:width\" content=\"320\" \/>\n\t<meta property=\"og:image:height\" content=\"180\" \/>\n\t<meta property=\"og:image:type\" content=\"image\/jpeg\" \/>\n<meta name=\"twitter:card\" content=\"summary_large_image\" \/>\n<meta name=\"twitter:site\" content=\"@tucuatro\" \/>\n<meta name=\"twitter:label1\" content=\"Tiempo de lectura\" \/>\n\t<meta name=\"twitter:data1\" content=\"1 minuto\" \/>\n<script type=\"application\/ld+json\" class=\"yoast-schema-graph\">{\"@context\":\"https:\/\/schema.org\",\"@graph\":[{\"@type\":\"WebPage\",\"@id\":\"https:\/\/tucuatro.com\/es\/cancion\/querida\/\",\"url\":\"https:\/\/tucuatro.com\/es\/cancion\/querida\/\",\"name\":\"Querida - Letras y Acordes de la Canci\u00f3n - TuCuatro - El Cuatro Venezolano\",\"isPartOf\":{\"@id\":\"https:\/\/tucuatro.com\/es\/#website\"},\"primaryImageOfPage\":{\"@id\":\"https:\/\/tucuatro.com\/es\/cancion\/querida\/#primaryimage\"},\"image\":{\"@id\":\"https:\/\/tucuatro.com\/es\/cancion\/querida\/#primaryimage\"},\"thumbnailUrl\":\"https:\/\/tucuatro.com\/es\/wp-content\/uploads\/sites\/3\/2016\/11\/mqdefault-92.jpg\",\"datePublished\":\"2016-11-18T22:47:12+00:00\",\"description\":\"C Em F G7 C Em F Querida, G7 C Em F cada momento de mi vida G7 C Em yo pienso en ti m\u00e1s cada dia F mira mi soledad F mira mi soledad A# C que no me sienta\",\"breadcrumb\":{\"@id\":\"https:\/\/tucuatro.com\/es\/cancion\/querida\/#breadcrumb\"},\"inLanguage\":\"es\",\"potentialAction\":[{\"@type\":\"ReadAction\",\"target\":[\"https:\/\/tucuatro.com\/es\/cancion\/querida\/\"]}]},{\"@type\":\"ImageObject\",\"inLanguage\":\"es\",\"@id\":\"https:\/\/tucuatro.com\/es\/cancion\/querida\/#primaryimage\",\"url\":\"https:\/\/tucuatro.com\/es\/wp-content\/uploads\/sites\/3\/2016\/11\/mqdefault-92.jpg\",\"contentUrl\":\"https:\/\/tucuatro.com\/es\/wp-content\/uploads\/sites\/3\/2016\/11\/mqdefault-92.jpg\",\"width\":320,\"height\":180},{\"@type\":\"BreadcrumbList\",\"@id\":\"https:\/\/tucuatro.com\/es\/cancion\/querida\/#breadcrumb\",\"itemListElement\":[{\"@type\":\"ListItem\",\"position\":1,\"name\":\"Portada\",\"item\":\"https:\/\/tucuatro.com\/es\/\"},{\"@type\":\"ListItem\",\"position\":2,\"name\":\"Canciones\",\"item\":\"https:\/\/tucuatro.com\/es\/cancion\/\"},{\"@type\":\"ListItem\",\"position\":3,\"name\":\"Querida\"}]},{\"@type\":\"WebSite\",\"@id\":\"https:\/\/tucuatro.com\/es\/#website\",\"url\":\"https:\/\/tucuatro.com\/es\/\",\"name\":\"TuCuatro\",\"description\":\"TuCuatro\",\"publisher\":{\"@id\":\"https:\/\/tucuatro.com\/es\/#organization\"},\"potentialAction\":[{\"@type\":\"SearchAction\",\"target\":{\"@type\":\"EntryPoint\",\"urlTemplate\":\"https:\/\/tucuatro.com\/es\/?s={search_term_string}\"},\"query-input\":{\"@type\":\"PropertyValueSpecification\",\"valueRequired\":true,\"valueName\":\"search_term_string\"}}],\"inLanguage\":\"es\"},{\"@type\":\"Organization\",\"@id\":\"https:\/\/tucuatro.com\/es\/#organization\",\"name\":\"TuCuatro\",\"url\":\"https:\/\/tucuatro.com\/es\/\",\"logo\":{\"@type\":\"ImageObject\",\"inLanguage\":\"es\",\"@id\":\"https:\/\/tucuatro.com\/es\/#\/schema\/logo\/image\/\",\"url\":\"https:\/\/tucuatro.com\/es\/wp-content\/uploads\/sites\/3\/2020\/02\/fretboard_icon_black-64px.png\",\"contentUrl\":\"https:\/\/tucuatro.com\/es\/wp-content\/uploads\/sites\/3\/2020\/02\/fretboard_icon_black-64px.png\",\"width\":64,\"height\":107,\"caption\":\"TuCuatro\"},\"image\":{\"@id\":\"https:\/\/tucuatro.com\/es\/#\/schema\/logo\/image\/\"},\"sameAs\":[\"https:\/\/facebook.com\/tucuatrodigital\",\"https:\/\/x.com\/tucuatro\"]}]}<\/script>\n<!-- \/ Yoast SEO plugin. -->","yoast_head_json":{"title":"Querida - Letras y Acordes de la Canci\u00f3n - TuCuatro - El Cuatro Venezolano","description":"C Em F G7 C Em F Querida, G7 C Em F cada momento de mi vida G7 C Em yo pienso en ti m\u00e1s cada dia F mira mi soledad F mira mi soledad A# C que no me sienta","robots":{"index":"index","follow":"follow","max-snippet":"max-snippet:-1","max-image-preview":"max-image-preview:large","max-video-preview":"max-video-preview:-1"},"canonical":"https:\/\/tucuatro.com\/es\/cancion\/querida\/","og_locale":"es_ES","og_type":"article","og_title":"Querida - Letras y Acordes de la Canci\u00f3n - TuCuatro - El Cuatro Venezolano","og_description":"C Em F G7 C Em F Querida, G7 C Em F cada momento de mi vida G7 C Em yo pienso en ti m\u00e1s cada dia F mira mi soledad F mira mi soledad A# C que no me sienta","og_url":"https:\/\/tucuatro.com\/es\/cancion\/querida\/","og_site_name":"TuCuatro - El Cuatro Venezolano","article_publisher":"https:\/\/facebook.com\/tucuatrodigital","og_image":[{"width":320,"height":180,"url":"https:\/\/tucuatro.com\/es\/wp-content\/uploads\/sites\/3\/2016\/11\/mqdefault-92.jpg","type":"image\/jpeg"}],"twitter_card":"summary_large_image","twitter_site":"@tucuatro","twitter_misc":{"Tiempo de lectura":"1 minuto"},"schema":{"@context":"https:\/\/schema.org","@graph":[{"@type":"WebPage","@id":"https:\/\/tucuatro.com\/es\/cancion\/querida\/","url":"https:\/\/tucuatro.com\/es\/cancion\/querida\/","name":"Querida - Letras y Acordes de la Canci\u00f3n - TuCuatro - El Cuatro Venezolano","isPartOf":{"@id":"https:\/\/tucuatro.com\/es\/#website"},"primaryImageOfPage":{"@id":"https:\/\/tucuatro.com\/es\/cancion\/querida\/#primaryimage"},"image":{"@id":"https:\/\/tucuatro.com\/es\/cancion\/querida\/#primaryimage"},"thumbnailUrl":"https:\/\/tucuatro.com\/es\/wp-content\/uploads\/sites\/3\/2016\/11\/mqdefault-92.jpg","datePublished":"2016-11-18T22:47:12+00:00","description":"C Em F G7 C Em F Querida, G7 C Em F cada momento de mi vida G7 C Em yo pienso en ti m\u00e1s cada dia F mira mi soledad F mira mi soledad A# C que no me sienta","breadcrumb":{"@id":"https:\/\/tucuatro.com\/es\/cancion\/querida\/#breadcrumb"},"inLanguage":"es","potentialAction":[{"@type":"ReadAction","target":["https:\/\/tucuatro.com\/es\/cancion\/querida\/"]}]},{"@type":"ImageObject","inLanguage":"es","@id":"https:\/\/tucuatro.com\/es\/cancion\/querida\/#primaryimage","url":"https:\/\/tucuatro.com\/es\/wp-content\/uploads\/sites\/3\/2016\/11\/mqdefault-92.jpg","contentUrl":"https:\/\/tucuatro.com\/es\/wp-content\/uploads\/sites\/3\/2016\/11\/mqdefault-92.jpg","width":320,"height":180},{"@type":"BreadcrumbList","@id":"https:\/\/tucuatro.com\/es\/cancion\/querida\/#breadcrumb","itemListElement":[{"@type":"ListItem","position":1,"name":"Portada","item":"https:\/\/tucuatro.com\/es\/"},{"@type":"ListItem","position":2,"name":"Canciones","item":"https:\/\/tucuatro.com\/es\/cancion\/"},{"@type":"ListItem","position":3,"name":"Querida"}]},{"@type":"WebSite","@id":"https:\/\/tucuatro.com\/es\/#website","url":"https:\/\/tucuatro.com\/es\/","name":"TuCuatro","description":"TuCuatro","publisher":{"@id":"https:\/\/tucuatro.com\/es\/#organization"},"potentialAction":[{"@type":"SearchAction","target":{"@type":"EntryPoint","urlTemplate":"https:\/\/tucuatro.com\/es\/?s={search_term_string}"},"query-input":{"@type":"PropertyValueSpecification","valueRequired":true,"valueName":"search_term_string"}}],"inLanguage":"es"},{"@type":"Organization","@id":"https:\/\/tucuatro.com\/es\/#organization","name":"TuCuatro","url":"https:\/\/tucuatro.com\/es\/","logo":{"@type":"ImageObject","inLanguage":"es","@id":"https:\/\/tucuatro.com\/es\/#\/schema\/logo\/image\/","url":"https:\/\/tucuatro.com\/es\/wp-content\/uploads\/sites\/3\/2020\/02\/fretboard_icon_black-64px.png","contentUrl":"https:\/\/tucuatro.com\/es\/wp-content\/uploads\/sites\/3\/2020\/02\/fretboard_icon_black-64px.png","width":64,"height":107,"caption":"TuCuatro"},"image":{"@id":"https:\/\/tucuatro.com\/es\/#\/schema\/logo\/image\/"},"sameAs":["https:\/\/facebook.com\/tucuatrodigital","https:\/\/x.com\/tucuatro"]}]}},"_links":{"self":[{"href":"https:\/\/tucuatro.com\/es\/wp-json\/wp\/v2\/cancion\/12482","targetHints":{"allow":["GET"]}}],"collection":[{"href":"https:\/\/tucuatro.com\/es\/wp-json\/wp\/v2\/cancion"}],"about":[{"href":"https:\/\/tucuatro.com\/es\/wp-json\/wp\/v2\/types\/cancion"}],"author":[{"embeddable":true,"href":"https:\/\/tucuatro.com\/es\/wp-json\/wp\/v2\/users\/1"}],"replies":[{"embeddable":true,"href":"https:\/\/tucuatro.com\/es\/wp-json\/wp\/v2\/comments?post=12482"}],"version-history":[{"count":0,"href":"https:\/\/tucuatro.com\/es\/wp-json\/wp\/v2\/cancion\/12482\/revisions"}],"wp:featuredmedia":[{"embeddable":true,"href":"https:\/\/tucuatro.com\/es\/wp-json\/wp\/v2\/media\/27851"}],"wp:attachment":[{"href":"https:\/\/tucuatro.com\/es\/wp-json\/wp\/v2\/media?parent=12482"}],"wp:term":[{"taxonomy":"song-composer","embeddable":true,"href":"https:\/\/tucuatro.com\/es\/wp-json\/wp\/v2\/song-composer?post=12482"},{"taxonomy":"song-performer","embeddable":true,"href":"https:\/\/tucuatro.com\/es\/wp-json\/wp\/v2\/song-performer?post=12482"},{"taxonomy":"song-genre","embeddable":true,"href":"https:\/\/tucuatro.com\/es\/wp-json\/wp\/v2\/song-genre?post=12482"},{"taxonomy":"song-level","embeddable":true,"href":"https:\/\/tucuatro.com\/es\/wp-json\/wp\/v2\/song-level?post=12482"},{"taxonomy":"song-instrument","embeddable":true,"href":"https:\/\/tucuatro.com\/es\/wp-json\/wp\/v2\/song-instrument?post=12482"},{"taxonomy":"song-country","embeddable":true,"href":"https:\/\/tucuatro.com\/es\/wp-json\/wp\/v2\/song-country?post=12482"},{"taxonomy":"song-songbook","embeddable":true,"href":"https:\/\/tucuatro.com\/es\/wp-json\/wp\/v2\/song-songbook?post=12482"}],"curies":[{"name":"wp","href":"https:\/\/api.w.org\/{rel}","templated":true}]}}