{"id":12678,"date":"2016-11-26T18:21:10","date_gmt":"2016-11-26T22:51:10","guid":{"rendered":"https:\/\/tucuatro.com\/es\/cancion\/el-currucha\/"},"modified":"2020-04-18T19:16:58","modified_gmt":"2020-04-18T23:16:58","slug":"el-currucha","status":"publish","type":"cancion","link":"https:\/\/tucuatro.com\/es\/cancion\/el-currucha\/","title":{"rendered":"El Curruch\u00e1"},"content":{"rendered":"<p>     Bm<br \/>\nA mi negra la quiero y la quiero<br \/>\n               G                     F#7<br \/>\nm\u00e1s que a la cotiza que llevo en el pie.<\/p>\n<p>A mi negra la quiero y la quiero<br \/>\n               Em                 Bm<br \/>\nm\u00e1s que a la tinaja cuando tengo sed.<\/p>\n<p>A mi negra la quiero y la quiero<br \/>\n                 B7                    Em<br \/>\nm\u00e1s que a mi chinchorro que me hace so\u00f1ar,<br \/>\n                                  Bm<br \/>\nm\u00e1s que al penco alaz\u00e1n que en el pueblo<br \/>\n            F#7                   Bm<br \/>\nmil lazos coleando me ha hecho ganar. (bis)<\/p>\n<p>       A7                   D<br \/>\nCuando baila mi negra un joropo<br \/>\n            G                  D<br \/>\na m\u00ed me zapatea por dentro de m\u00ed,<br \/>\n      F#7                 Bm<br \/>\nal comp\u00e1s de puntera y tal\u00f3n,<br \/>\n        B7                    Em<br \/>\ny al comp\u00e1s de la quirpa sin fin<br \/>\n        G                  D<br \/>\ncon qu\u00e9 gracia menea la cadera<br \/>\n             A7                  D<br \/>\nmi negra que me hace perder la raz\u00f3n,<br \/>\n     D7            G                 D<br \/>\ncurrucha, con qu\u00e9 gracia menea la cadera,<br \/>\n                 A7                   D<br \/>\nay, mi negra que me hace perder la raz\u00f3n. (bis)<\/p>\n<p>Si a mi negra la miro en los ojos<br \/>\nse pone m\u00e1s roja que el paraguat\u00e1<br \/>\ncuya flor es incendio del bosque,<br \/>\ny est\u00e1 haciendo abeja licor de panal.<br \/>\nSi me rozo con ella en el baile<br \/>\nme sube al cogote un inmenso calor<br \/>\npues su hornalla y trapicha es mi negra<br \/>\nque vuelve ceniza mi le\u00f1o de amor.(bis)<\/p>\n<p>Cuando baila mi negra&#8230;<\/p>\n","protected":false},"excerpt":{"rendered":"<p>Bm A mi negra la quiero y la quiero G F#7 m\u00e1s que a la cotiza que llevo en el pie. A mi negra la quiero y la quiero Em Bm m\u00e1s que a la tinaja cuando tengo sed. A mi negra la quiero y la quiero B7 Em m\u00e1s que a mi chinchorro que [&hellip;]<\/p>\n","protected":false},"author":1,"featured_media":27785,"parent":0,"comment_status":"closed","ping_status":"closed","template":"","song-composer":[],"song-performer":[],"song-genre":[135],"song-level":[109],"song-instrument":[118],"song-country":[161],"song-songbook":[],"class_list":["post-12678","cancion","type-cancion","status-publish","has-post-thumbnail","hentry","song-genre-joropo","song-level-basico","song-instrument-cuatro","song-country-venezuela"],"_tucuatro_song_artist":"Jes\u00fas Sevillano","_tucuatro_song_info":{"https:\/\/www.youtube.com\/watch?v=qjADgdC73xU":{"chords":"0:11.9 Bm\n0:13.2 G\n0:14.0 F#7\n0:15.4 F#7\n0:16.8 Bm\n0:18.7 B7\n0:20.1 Em\n0:21.6 Bm\n0:22.4 F#7\n0:23.2 Bm\n0:24.7 Bm\n0:25.6 G\n0:26.4 F#7\n0:28.0 F#7\n0:29.5 Bm\n0:31.1 B7\n0:32.7 Em\n0:34.3 Bm\n0:35.1 F#7\n0:35.8 Bm\n0:36.6 A7\n0:37.4 D\n0:38.2 A7\n0:39.2 D\n0:39.9 F#7\n0:40.7 Bm\n0:41.4 B7\n0:42.2 Em\n0:43.0 A7\n0:43.9 D\n0:44.6 A7\n0:45.4 D\n0:46.1 A7\n0:46.9 D\n0:47.7 A7\n0:48.5 D\n0:49.3 A7\n0:50.2 D\n0:51.0 A7\n0:51.9 D\n0:52.6 F#7\n0:53.4 Bm\n0:54.2 B7\n0:54.9 Em\n0:55.7 A7\n0:56.6 D\n0:57.4 A7\n0:58.1 D\n0:58.9 A7\n0:59.6 D\n1:00.4 A7\n1:01.3 D\n1:02.1 Bm\n1:03.9 Em\n1:04.5 F#7\n1:06.0 F#7\n1:07.6 Bm\n1:09.4 B7\n1:10.8 Em\n1:12.5 Bm\n1:13.2 F#7\n1:14.0 Bm\n1:15.0 Bm\n1:16.6 Em\n1:17.4 F#7\n1:22.1 B7\n1:23.8 Em\n1:25.3 Bm\n1:26.2 F#7\n1:26.9 Bm\n1:27.7 A7\n1:28.5 D\n1:29.5 A7\n1:30.3 D\n1:31.5 F#7\n1:31.9 Bm\n1:32.5 B7\n1:33.3 Em\n1:34.2 A7\n1:34.9 D\n1:35.8 A7\n1:36.5 D\n1:37.3 A7\n1:38.1 D\n1:39.0 A7\n1:39.7 D\n1:40.5 A7\n1:41.3 D\n1:42.0 A7\n1:42.9 D\n1:43.6 F#7\n1:44.4 Bm\n1:45.1 B7\n1:46.0 Em\n1:46.9 A7\n1:47.6 D\n1:48.5 A7\n1:49.2 D\n1:50.0 A7\n1:50.8 D\n1:51.6 A7\n1:52.3 D\n"}},"_featured_video":"https:\/\/www.youtube.com\/watch?v=qjADgdC73xU","yoast_head":"<!-- This site is optimized with the Yoast SEO plugin v27.2 - https:\/\/yoast.com\/product\/yoast-seo-wordpress\/ -->\n<title>El Curruch\u00e1 - Letras y Acordes de la Canci\u00f3n - TuCuatro - El Cuatro Venezolano<\/title>\n<meta name=\"description\" content=\"Bm A mi negra la quiero y la quiero G F#7 m\u00e1s que a la cotiza que llevo en el pie. A mi negra la quiero y la quiero Em Bm m\u00e1s que a la tinaja cuando tengo\" \/>\n<meta name=\"robots\" content=\"index, follow, max-snippet:-1, max-image-preview:large, max-video-preview:-1\" \/>\n<link rel=\"canonical\" href=\"https:\/\/tucuatro.com\/es\/cancion\/el-currucha\/\" \/>\n<meta property=\"og:locale\" content=\"es_ES\" \/>\n<meta property=\"og:type\" content=\"article\" \/>\n<meta property=\"og:title\" content=\"El Curruch\u00e1 - Letras y Acordes de la Canci\u00f3n - TuCuatro - El Cuatro Venezolano\" \/>\n<meta property=\"og:description\" content=\"Bm A mi negra la quiero y la quiero G F#7 m\u00e1s que a la cotiza que llevo en el pie. A mi negra la quiero y la quiero Em Bm m\u00e1s que a la tinaja cuando tengo\" \/>\n<meta property=\"og:url\" content=\"https:\/\/tucuatro.com\/es\/cancion\/el-currucha\/\" \/>\n<meta property=\"og:site_name\" content=\"TuCuatro - El Cuatro Venezolano\" \/>\n<meta property=\"article:publisher\" content=\"https:\/\/facebook.com\/tucuatrodigital\" \/>\n<meta property=\"article:modified_time\" content=\"2020-04-18T23:16:58+00:00\" \/>\n<meta property=\"og:image\" content=\"https:\/\/tucuatro.com\/es\/wp-content\/uploads\/sites\/3\/2016\/11\/mqdefault-69.jpg\" \/>\n\t<meta property=\"og:image:width\" content=\"320\" \/>\n\t<meta property=\"og:image:height\" content=\"180\" \/>\n\t<meta property=\"og:image:type\" content=\"image\/jpeg\" \/>\n<meta name=\"twitter:card\" content=\"summary_large_image\" \/>\n<meta name=\"twitter:site\" content=\"@tucuatro\" \/>\n<meta name=\"twitter:label1\" content=\"Tiempo de lectura\" \/>\n\t<meta name=\"twitter:data1\" content=\"1 minuto\" \/>\n<script type=\"application\/ld+json\" class=\"yoast-schema-graph\">{\"@context\":\"https:\/\/schema.org\",\"@graph\":[{\"@type\":\"WebPage\",\"@id\":\"https:\/\/tucuatro.com\/es\/cancion\/el-currucha\/\",\"url\":\"https:\/\/tucuatro.com\/es\/cancion\/el-currucha\/\",\"name\":\"El Curruch\u00e1 - Letras y Acordes de la Canci\u00f3n - TuCuatro - El Cuatro Venezolano\",\"isPartOf\":{\"@id\":\"https:\/\/tucuatro.com\/es\/#website\"},\"primaryImageOfPage\":{\"@id\":\"https:\/\/tucuatro.com\/es\/cancion\/el-currucha\/#primaryimage\"},\"image\":{\"@id\":\"https:\/\/tucuatro.com\/es\/cancion\/el-currucha\/#primaryimage\"},\"thumbnailUrl\":\"https:\/\/tucuatro.com\/es\/wp-content\/uploads\/sites\/3\/2016\/11\/mqdefault-69.jpg\",\"datePublished\":\"2016-11-26T22:51:10+00:00\",\"dateModified\":\"2020-04-18T23:16:58+00:00\",\"description\":\"Bm A mi negra la quiero y la quiero G F#7 m\u00e1s que a la cotiza que llevo en el pie. A mi negra la quiero y la quiero Em Bm m\u00e1s que a la tinaja cuando tengo\",\"breadcrumb\":{\"@id\":\"https:\/\/tucuatro.com\/es\/cancion\/el-currucha\/#breadcrumb\"},\"inLanguage\":\"es\",\"potentialAction\":[{\"@type\":\"ReadAction\",\"target\":[\"https:\/\/tucuatro.com\/es\/cancion\/el-currucha\/\"]}]},{\"@type\":\"ImageObject\",\"inLanguage\":\"es\",\"@id\":\"https:\/\/tucuatro.com\/es\/cancion\/el-currucha\/#primaryimage\",\"url\":\"https:\/\/tucuatro.com\/es\/wp-content\/uploads\/sites\/3\/2016\/11\/mqdefault-69.jpg\",\"contentUrl\":\"https:\/\/tucuatro.com\/es\/wp-content\/uploads\/sites\/3\/2016\/11\/mqdefault-69.jpg\",\"width\":320,\"height\":180},{\"@type\":\"BreadcrumbList\",\"@id\":\"https:\/\/tucuatro.com\/es\/cancion\/el-currucha\/#breadcrumb\",\"itemListElement\":[{\"@type\":\"ListItem\",\"position\":1,\"name\":\"Portada\",\"item\":\"https:\/\/tucuatro.com\/es\/\"},{\"@type\":\"ListItem\",\"position\":2,\"name\":\"Canciones\",\"item\":\"https:\/\/tucuatro.com\/es\/cancion\/\"},{\"@type\":\"ListItem\",\"position\":3,\"name\":\"El Curruch\u00e1\"}]},{\"@type\":\"WebSite\",\"@id\":\"https:\/\/tucuatro.com\/es\/#website\",\"url\":\"https:\/\/tucuatro.com\/es\/\",\"name\":\"TuCuatro\",\"description\":\"TuCuatro\",\"publisher\":{\"@id\":\"https:\/\/tucuatro.com\/es\/#organization\"},\"potentialAction\":[{\"@type\":\"SearchAction\",\"target\":{\"@type\":\"EntryPoint\",\"urlTemplate\":\"https:\/\/tucuatro.com\/es\/?s={search_term_string}\"},\"query-input\":{\"@type\":\"PropertyValueSpecification\",\"valueRequired\":true,\"valueName\":\"search_term_string\"}}],\"inLanguage\":\"es\"},{\"@type\":\"Organization\",\"@id\":\"https:\/\/tucuatro.com\/es\/#organization\",\"name\":\"TuCuatro\",\"url\":\"https:\/\/tucuatro.com\/es\/\",\"logo\":{\"@type\":\"ImageObject\",\"inLanguage\":\"es\",\"@id\":\"https:\/\/tucuatro.com\/es\/#\/schema\/logo\/image\/\",\"url\":\"https:\/\/tucuatro.com\/es\/wp-content\/uploads\/sites\/3\/2020\/02\/fretboard_icon_black-64px.png\",\"contentUrl\":\"https:\/\/tucuatro.com\/es\/wp-content\/uploads\/sites\/3\/2020\/02\/fretboard_icon_black-64px.png\",\"width\":64,\"height\":107,\"caption\":\"TuCuatro\"},\"image\":{\"@id\":\"https:\/\/tucuatro.com\/es\/#\/schema\/logo\/image\/\"},\"sameAs\":[\"https:\/\/facebook.com\/tucuatrodigital\",\"https:\/\/x.com\/tucuatro\"]}]}<\/script>\n<!-- \/ Yoast SEO plugin. -->","yoast_head_json":{"title":"El Curruch\u00e1 - Letras y Acordes de la Canci\u00f3n - TuCuatro - El Cuatro Venezolano","description":"Bm A mi negra la quiero y la quiero G F#7 m\u00e1s que a la cotiza que llevo en el pie. A mi negra la quiero y la quiero Em Bm m\u00e1s que a la tinaja cuando tengo","robots":{"index":"index","follow":"follow","max-snippet":"max-snippet:-1","max-image-preview":"max-image-preview:large","max-video-preview":"max-video-preview:-1"},"canonical":"https:\/\/tucuatro.com\/es\/cancion\/el-currucha\/","og_locale":"es_ES","og_type":"article","og_title":"El Curruch\u00e1 - Letras y Acordes de la Canci\u00f3n - TuCuatro - El Cuatro Venezolano","og_description":"Bm A mi negra la quiero y la quiero G F#7 m\u00e1s que a la cotiza que llevo en el pie. A mi negra la quiero y la quiero Em Bm m\u00e1s que a la tinaja cuando tengo","og_url":"https:\/\/tucuatro.com\/es\/cancion\/el-currucha\/","og_site_name":"TuCuatro - El Cuatro Venezolano","article_publisher":"https:\/\/facebook.com\/tucuatrodigital","article_modified_time":"2020-04-18T23:16:58+00:00","og_image":[{"width":320,"height":180,"url":"https:\/\/tucuatro.com\/es\/wp-content\/uploads\/sites\/3\/2016\/11\/mqdefault-69.jpg","type":"image\/jpeg"}],"twitter_card":"summary_large_image","twitter_site":"@tucuatro","twitter_misc":{"Tiempo de lectura":"1 minuto"},"schema":{"@context":"https:\/\/schema.org","@graph":[{"@type":"WebPage","@id":"https:\/\/tucuatro.com\/es\/cancion\/el-currucha\/","url":"https:\/\/tucuatro.com\/es\/cancion\/el-currucha\/","name":"El Curruch\u00e1 - Letras y Acordes de la Canci\u00f3n - TuCuatro - El Cuatro Venezolano","isPartOf":{"@id":"https:\/\/tucuatro.com\/es\/#website"},"primaryImageOfPage":{"@id":"https:\/\/tucuatro.com\/es\/cancion\/el-currucha\/#primaryimage"},"image":{"@id":"https:\/\/tucuatro.com\/es\/cancion\/el-currucha\/#primaryimage"},"thumbnailUrl":"https:\/\/tucuatro.com\/es\/wp-content\/uploads\/sites\/3\/2016\/11\/mqdefault-69.jpg","datePublished":"2016-11-26T22:51:10+00:00","dateModified":"2020-04-18T23:16:58+00:00","description":"Bm A mi negra la quiero y la quiero G F#7 m\u00e1s que a la cotiza que llevo en el pie. A mi negra la quiero y la quiero Em Bm m\u00e1s que a la tinaja cuando tengo","breadcrumb":{"@id":"https:\/\/tucuatro.com\/es\/cancion\/el-currucha\/#breadcrumb"},"inLanguage":"es","potentialAction":[{"@type":"ReadAction","target":["https:\/\/tucuatro.com\/es\/cancion\/el-currucha\/"]}]},{"@type":"ImageObject","inLanguage":"es","@id":"https:\/\/tucuatro.com\/es\/cancion\/el-currucha\/#primaryimage","url":"https:\/\/tucuatro.com\/es\/wp-content\/uploads\/sites\/3\/2016\/11\/mqdefault-69.jpg","contentUrl":"https:\/\/tucuatro.com\/es\/wp-content\/uploads\/sites\/3\/2016\/11\/mqdefault-69.jpg","width":320,"height":180},{"@type":"BreadcrumbList","@id":"https:\/\/tucuatro.com\/es\/cancion\/el-currucha\/#breadcrumb","itemListElement":[{"@type":"ListItem","position":1,"name":"Portada","item":"https:\/\/tucuatro.com\/es\/"},{"@type":"ListItem","position":2,"name":"Canciones","item":"https:\/\/tucuatro.com\/es\/cancion\/"},{"@type":"ListItem","position":3,"name":"El Curruch\u00e1"}]},{"@type":"WebSite","@id":"https:\/\/tucuatro.com\/es\/#website","url":"https:\/\/tucuatro.com\/es\/","name":"TuCuatro","description":"TuCuatro","publisher":{"@id":"https:\/\/tucuatro.com\/es\/#organization"},"potentialAction":[{"@type":"SearchAction","target":{"@type":"EntryPoint","urlTemplate":"https:\/\/tucuatro.com\/es\/?s={search_term_string}"},"query-input":{"@type":"PropertyValueSpecification","valueRequired":true,"valueName":"search_term_string"}}],"inLanguage":"es"},{"@type":"Organization","@id":"https:\/\/tucuatro.com\/es\/#organization","name":"TuCuatro","url":"https:\/\/tucuatro.com\/es\/","logo":{"@type":"ImageObject","inLanguage":"es","@id":"https:\/\/tucuatro.com\/es\/#\/schema\/logo\/image\/","url":"https:\/\/tucuatro.com\/es\/wp-content\/uploads\/sites\/3\/2020\/02\/fretboard_icon_black-64px.png","contentUrl":"https:\/\/tucuatro.com\/es\/wp-content\/uploads\/sites\/3\/2020\/02\/fretboard_icon_black-64px.png","width":64,"height":107,"caption":"TuCuatro"},"image":{"@id":"https:\/\/tucuatro.com\/es\/#\/schema\/logo\/image\/"},"sameAs":["https:\/\/facebook.com\/tucuatrodigital","https:\/\/x.com\/tucuatro"]}]}},"_links":{"self":[{"href":"https:\/\/tucuatro.com\/es\/wp-json\/wp\/v2\/cancion\/12678","targetHints":{"allow":["GET"]}}],"collection":[{"href":"https:\/\/tucuatro.com\/es\/wp-json\/wp\/v2\/cancion"}],"about":[{"href":"https:\/\/tucuatro.com\/es\/wp-json\/wp\/v2\/types\/cancion"}],"author":[{"embeddable":true,"href":"https:\/\/tucuatro.com\/es\/wp-json\/wp\/v2\/users\/1"}],"replies":[{"embeddable":true,"href":"https:\/\/tucuatro.com\/es\/wp-json\/wp\/v2\/comments?post=12678"}],"version-history":[{"count":0,"href":"https:\/\/tucuatro.com\/es\/wp-json\/wp\/v2\/cancion\/12678\/revisions"}],"wp:featuredmedia":[{"embeddable":true,"href":"https:\/\/tucuatro.com\/es\/wp-json\/wp\/v2\/media\/27785"}],"wp:attachment":[{"href":"https:\/\/tucuatro.com\/es\/wp-json\/wp\/v2\/media?parent=12678"}],"wp:term":[{"taxonomy":"song-composer","embeddable":true,"href":"https:\/\/tucuatro.com\/es\/wp-json\/wp\/v2\/song-composer?post=12678"},{"taxonomy":"song-performer","embeddable":true,"href":"https:\/\/tucuatro.com\/es\/wp-json\/wp\/v2\/song-performer?post=12678"},{"taxonomy":"song-genre","embeddable":true,"href":"https:\/\/tucuatro.com\/es\/wp-json\/wp\/v2\/song-genre?post=12678"},{"taxonomy":"song-level","embeddable":true,"href":"https:\/\/tucuatro.com\/es\/wp-json\/wp\/v2\/song-level?post=12678"},{"taxonomy":"song-instrument","embeddable":true,"href":"https:\/\/tucuatro.com\/es\/wp-json\/wp\/v2\/song-instrument?post=12678"},{"taxonomy":"song-country","embeddable":true,"href":"https:\/\/tucuatro.com\/es\/wp-json\/wp\/v2\/song-country?post=12678"},{"taxonomy":"song-songbook","embeddable":true,"href":"https:\/\/tucuatro.com\/es\/wp-json\/wp\/v2\/song-songbook?post=12678"}],"curies":[{"name":"wp","href":"https:\/\/api.w.org\/{rel}","templated":true}]}}