{"id":12889,"date":"2016-12-01T13:03:33","date_gmt":"2016-12-01T17:33:33","guid":{"rendered":"https:\/\/tucuatro.com\/es\/cancion\/te-quiero-mas\/"},"modified":"2016-12-01T13:03:33","modified_gmt":"2016-12-01T17:33:33","slug":"te-quiero-mas","status":"publish","type":"cancion","link":"https:\/\/tucuatro.com\/es\/cancion\/te-quiero-mas\/","title":{"rendered":"Te Quiero Mas"},"content":{"rendered":"<p>Hoy me levante con ganas de decirte lo que siento<br \/>\nquiero dejarte esta cancion \u00a1para que te enamores!<\/p>\n<p> F     G    C G       Am<br \/>\nAs\u00ed te v\u00ed reflejo de sol<br \/>\n F      G          C    G  Am<br \/>\nasi creci\u00f3 una ilusi\u00f3n<br \/>\n   F        G<br \/>\nel mar, la luna y yo<br \/>\n     C  G       Am<br \/>\nnos sentimos mejor<br \/>\n                  F    Dm<br \/>\nal ver que estas aqui<br \/>\nDm              G<br \/>\ny no en otro lugar<\/p>\n<p>    F     G<br \/>\nEl tiempo pasa<br \/>\n  C  G    Am<br \/>\naqui sigo yo<br \/>\nF             G         C   G  Am<br \/>\naunque no lo creas mi amor<br \/>\n     F       G<br \/>\npues toda la vida<br \/>\n    C G      Am<br \/>\nes corta, veloz<br \/>\n             F  Dm<br \/>\ny no me bastar\u00e1<br \/>\nDm               G<br \/>\npara esperar por t\u00ed<\/p>\n<p>          C       Am<br \/>\nPorque te quiero mas<br \/>\n       F             G<br \/>\nde lo que puedas pensar<br \/>\n       C G    Am<br \/>\nyo te quiero mas<br \/>\n      F            G<br \/>\nte respiro y me provocas<br \/>\n          C    G        Am<br \/>\nser quien te besa en la boca<br \/>\n         F  Dm<br \/>\nen realidad<br \/>\nDm                G<br \/>\nno se que mas pensar<\/p>\n<p>          C       Am<br \/>\ny yo te quiero mas<br \/>\n       F             G<br \/>\nde lo que puedas pensar<br \/>\n       C G    Am<br \/>\nyo te quiero mas<br \/>\n      F            G<br \/>\nte respiro y me provocas<br \/>\n          C    G        Am<br \/>\nser quien te besa en la boca<br \/>\n         F  Dm<br \/>\nen realidad<br \/>\nDm                G<br \/>\nno se que mas pensar<br \/>\n           C<br \/>\nTe quiero mas&#8230;<\/p>\n<p>Ver cu\u00e1nto amor<br \/>\nme puedes dar tu<br \/>\nse cu\u00e1nto te puedo dar yo<br \/>\ny comparar<br \/>\ncon el que nos recibimos en un tiempo anterior<br \/>\ny no me alcanzara<br \/>\npues el timpo pasa<br \/>\naqui sigo yo<br \/>\naunque no lo creas mi amor<br \/>\npues toda la vida<br \/>\nes corta, veloz<br \/>\ny no me bastar\u00e1<br \/>\npara esperar por t\u00ed<\/p>\n<p>Porque te quiero mas<br \/>\nde lo que puedas pensar<br \/>\nyo te quiero mas<br \/>\nte respiro y me provocas<br \/>\nser quien te besa en la boca<br \/>\nen realidad<br \/>\nno se que mas pensar<\/p>\n<p>Y yo te quiero mas<br \/>\nde lo que puedas pensar<br \/>\nyo te quiero mas<br \/>\nte respiro y me provocas<br \/>\nser quien te besa en la boca<br \/>\nen realidad<br \/>\nno se que mas pensar<\/p>\n<p>Te quiero mas&#8230;<\/p>\n<p>(T\u00fa sabes que te quiero mas)<br \/>\nde lo que puedas pensar, te quiero mas<br \/>\n(T\u00fa sabes que te quiero mas)<br \/>\nte respiro y me provovas<br \/>\nser quien te besa en la boca<br \/>\nen realidad<br \/>\nno se que mas pensar<br \/>\nTe quiero mas&#8230;<\/p>\n<p>(T\u00fa sabes que te quiero mas)<br \/>\nay! te quiero regalarte, todito mi cari\u00f1o<br \/>\n(T\u00fa sabes que te quiero mas)<br \/>\nte respiro y me provovas<br \/>\nser quien te besa en la boca<br \/>\n\u00a1en la boca mam\u00ed!<br \/>\nno se que mas pensar<br \/>\nTe quiero mas&#8230;<\/p>\n<p>\u00a1Pa que te enamores!<br \/>\nTe quiero mas&#8230;<br \/>\n(Te quiero)<\/p>\n","protected":false},"excerpt":{"rendered":"<p>Hoy me levante con ganas de decirte lo que siento quiero dejarte esta cancion \u00a1para que te enamores! F G C G Am As\u00ed te v\u00ed reflejo de sol F G C G Am asi creci\u00f3 una ilusi\u00f3n F G el mar, la luna y yo C G Am nos sentimos mejor F Dm al [&hellip;]<\/p>\n","protected":false},"author":1,"featured_media":27915,"parent":0,"comment_status":"open","ping_status":"closed","template":"","song-composer":[],"song-performer":[],"song-genre":[136],"song-level":[109],"song-instrument":[],"song-country":[],"song-songbook":[],"class_list":["post-12889","cancion","type-cancion","status-publish","has-post-thumbnail","hentry","song-genre-merengue","song-level-basico"],"_tucuatro_song_artist":"Enghel","_tucuatro_song_info":"","_featured_video":"https:\/\/www.youtube.com\/watch?v=9yCPHFRsIgM","yoast_head":"<!-- This site is optimized with the Yoast SEO plugin v27.2 - https:\/\/yoast.com\/product\/yoast-seo-wordpress\/ -->\n<title>Te Quiero Mas - Letras y Acordes de la Canci\u00f3n - TuCuatro - El Cuatro Venezolano<\/title>\n<meta name=\"description\" content=\"Hoy me levante con ganas de decirte lo que siento quiero dejarte esta cancion \u00a1para que te enamores! F G C G Am As\u00ed te v\u00ed reflejo de sol F G C G Am asi\" \/>\n<meta name=\"robots\" content=\"index, follow, max-snippet:-1, max-image-preview:large, max-video-preview:-1\" \/>\n<link rel=\"canonical\" href=\"https:\/\/tucuatro.com\/es\/cancion\/te-quiero-mas\/\" \/>\n<meta property=\"og:locale\" content=\"es_ES\" \/>\n<meta property=\"og:type\" content=\"article\" \/>\n<meta property=\"og:title\" content=\"Te Quiero Mas - Letras y Acordes de la Canci\u00f3n - TuCuatro - El Cuatro Venezolano\" \/>\n<meta property=\"og:description\" content=\"Hoy me levante con ganas de decirte lo que siento quiero dejarte esta cancion \u00a1para que te enamores! F G C G Am As\u00ed te v\u00ed reflejo de sol F G C G Am asi\" \/>\n<meta property=\"og:url\" content=\"https:\/\/tucuatro.com\/es\/cancion\/te-quiero-mas\/\" \/>\n<meta property=\"og:site_name\" content=\"TuCuatro - El Cuatro Venezolano\" \/>\n<meta property=\"article:publisher\" content=\"https:\/\/facebook.com\/tucuatrodigital\" \/>\n<meta property=\"og:image\" content=\"https:\/\/tucuatro.com\/es\/wp-content\/uploads\/sites\/3\/2016\/12\/mqdefault-100.jpg\" \/>\n\t<meta property=\"og:image:width\" content=\"320\" \/>\n\t<meta property=\"og:image:height\" content=\"180\" \/>\n\t<meta property=\"og:image:type\" content=\"image\/jpeg\" \/>\n<meta name=\"twitter:card\" content=\"summary_large_image\" \/>\n<meta name=\"twitter:site\" content=\"@tucuatro\" \/>\n<meta name=\"twitter:label1\" content=\"Tiempo de lectura\" \/>\n\t<meta name=\"twitter:data1\" content=\"2 minutos\" \/>\n<script type=\"application\/ld+json\" class=\"yoast-schema-graph\">{\"@context\":\"https:\/\/schema.org\",\"@graph\":[{\"@type\":\"WebPage\",\"@id\":\"https:\/\/tucuatro.com\/es\/cancion\/te-quiero-mas\/\",\"url\":\"https:\/\/tucuatro.com\/es\/cancion\/te-quiero-mas\/\",\"name\":\"Te Quiero Mas - Letras y Acordes de la Canci\u00f3n - TuCuatro - El Cuatro Venezolano\",\"isPartOf\":{\"@id\":\"https:\/\/tucuatro.com\/es\/#website\"},\"primaryImageOfPage\":{\"@id\":\"https:\/\/tucuatro.com\/es\/cancion\/te-quiero-mas\/#primaryimage\"},\"image\":{\"@id\":\"https:\/\/tucuatro.com\/es\/cancion\/te-quiero-mas\/#primaryimage\"},\"thumbnailUrl\":\"https:\/\/tucuatro.com\/es\/wp-content\/uploads\/sites\/3\/2016\/12\/mqdefault-100.jpg\",\"datePublished\":\"2016-12-01T17:33:33+00:00\",\"description\":\"Hoy me levante con ganas de decirte lo que siento quiero dejarte esta cancion \u00a1para que te enamores! F G C G Am As\u00ed te v\u00ed reflejo de sol F G C G Am asi\",\"breadcrumb\":{\"@id\":\"https:\/\/tucuatro.com\/es\/cancion\/te-quiero-mas\/#breadcrumb\"},\"inLanguage\":\"es\",\"potentialAction\":[{\"@type\":\"ReadAction\",\"target\":[\"https:\/\/tucuatro.com\/es\/cancion\/te-quiero-mas\/\"]}]},{\"@type\":\"ImageObject\",\"inLanguage\":\"es\",\"@id\":\"https:\/\/tucuatro.com\/es\/cancion\/te-quiero-mas\/#primaryimage\",\"url\":\"https:\/\/tucuatro.com\/es\/wp-content\/uploads\/sites\/3\/2016\/12\/mqdefault-100.jpg\",\"contentUrl\":\"https:\/\/tucuatro.com\/es\/wp-content\/uploads\/sites\/3\/2016\/12\/mqdefault-100.jpg\",\"width\":320,\"height\":180},{\"@type\":\"BreadcrumbList\",\"@id\":\"https:\/\/tucuatro.com\/es\/cancion\/te-quiero-mas\/#breadcrumb\",\"itemListElement\":[{\"@type\":\"ListItem\",\"position\":1,\"name\":\"Portada\",\"item\":\"https:\/\/tucuatro.com\/es\/\"},{\"@type\":\"ListItem\",\"position\":2,\"name\":\"Canciones\",\"item\":\"https:\/\/tucuatro.com\/es\/cancion\/\"},{\"@type\":\"ListItem\",\"position\":3,\"name\":\"Te Quiero Mas\"}]},{\"@type\":\"WebSite\",\"@id\":\"https:\/\/tucuatro.com\/es\/#website\",\"url\":\"https:\/\/tucuatro.com\/es\/\",\"name\":\"TuCuatro\",\"description\":\"TuCuatro\",\"publisher\":{\"@id\":\"https:\/\/tucuatro.com\/es\/#organization\"},\"potentialAction\":[{\"@type\":\"SearchAction\",\"target\":{\"@type\":\"EntryPoint\",\"urlTemplate\":\"https:\/\/tucuatro.com\/es\/?s={search_term_string}\"},\"query-input\":{\"@type\":\"PropertyValueSpecification\",\"valueRequired\":true,\"valueName\":\"search_term_string\"}}],\"inLanguage\":\"es\"},{\"@type\":\"Organization\",\"@id\":\"https:\/\/tucuatro.com\/es\/#organization\",\"name\":\"TuCuatro\",\"url\":\"https:\/\/tucuatro.com\/es\/\",\"logo\":{\"@type\":\"ImageObject\",\"inLanguage\":\"es\",\"@id\":\"https:\/\/tucuatro.com\/es\/#\/schema\/logo\/image\/\",\"url\":\"https:\/\/tucuatro.com\/es\/wp-content\/uploads\/sites\/3\/2020\/02\/fretboard_icon_black-64px.png\",\"contentUrl\":\"https:\/\/tucuatro.com\/es\/wp-content\/uploads\/sites\/3\/2020\/02\/fretboard_icon_black-64px.png\",\"width\":64,\"height\":107,\"caption\":\"TuCuatro\"},\"image\":{\"@id\":\"https:\/\/tucuatro.com\/es\/#\/schema\/logo\/image\/\"},\"sameAs\":[\"https:\/\/facebook.com\/tucuatrodigital\",\"https:\/\/x.com\/tucuatro\"]}]}<\/script>\n<!-- \/ Yoast SEO plugin. -->","yoast_head_json":{"title":"Te Quiero Mas - Letras y Acordes de la Canci\u00f3n - TuCuatro - El Cuatro Venezolano","description":"Hoy me levante con ganas de decirte lo que siento quiero dejarte esta cancion \u00a1para que te enamores! F G C G Am As\u00ed te v\u00ed reflejo de sol F G C G Am asi","robots":{"index":"index","follow":"follow","max-snippet":"max-snippet:-1","max-image-preview":"max-image-preview:large","max-video-preview":"max-video-preview:-1"},"canonical":"https:\/\/tucuatro.com\/es\/cancion\/te-quiero-mas\/","og_locale":"es_ES","og_type":"article","og_title":"Te Quiero Mas - Letras y Acordes de la Canci\u00f3n - TuCuatro - El Cuatro Venezolano","og_description":"Hoy me levante con ganas de decirte lo que siento quiero dejarte esta cancion \u00a1para que te enamores! F G C G Am As\u00ed te v\u00ed reflejo de sol F G C G Am asi","og_url":"https:\/\/tucuatro.com\/es\/cancion\/te-quiero-mas\/","og_site_name":"TuCuatro - El Cuatro Venezolano","article_publisher":"https:\/\/facebook.com\/tucuatrodigital","og_image":[{"width":320,"height":180,"url":"https:\/\/tucuatro.com\/es\/wp-content\/uploads\/sites\/3\/2016\/12\/mqdefault-100.jpg","type":"image\/jpeg"}],"twitter_card":"summary_large_image","twitter_site":"@tucuatro","twitter_misc":{"Tiempo de lectura":"2 minutos"},"schema":{"@context":"https:\/\/schema.org","@graph":[{"@type":"WebPage","@id":"https:\/\/tucuatro.com\/es\/cancion\/te-quiero-mas\/","url":"https:\/\/tucuatro.com\/es\/cancion\/te-quiero-mas\/","name":"Te Quiero Mas - Letras y Acordes de la Canci\u00f3n - TuCuatro - El Cuatro Venezolano","isPartOf":{"@id":"https:\/\/tucuatro.com\/es\/#website"},"primaryImageOfPage":{"@id":"https:\/\/tucuatro.com\/es\/cancion\/te-quiero-mas\/#primaryimage"},"image":{"@id":"https:\/\/tucuatro.com\/es\/cancion\/te-quiero-mas\/#primaryimage"},"thumbnailUrl":"https:\/\/tucuatro.com\/es\/wp-content\/uploads\/sites\/3\/2016\/12\/mqdefault-100.jpg","datePublished":"2016-12-01T17:33:33+00:00","description":"Hoy me levante con ganas de decirte lo que siento quiero dejarte esta cancion \u00a1para que te enamores! F G C G Am As\u00ed te v\u00ed reflejo de sol F G C G Am asi","breadcrumb":{"@id":"https:\/\/tucuatro.com\/es\/cancion\/te-quiero-mas\/#breadcrumb"},"inLanguage":"es","potentialAction":[{"@type":"ReadAction","target":["https:\/\/tucuatro.com\/es\/cancion\/te-quiero-mas\/"]}]},{"@type":"ImageObject","inLanguage":"es","@id":"https:\/\/tucuatro.com\/es\/cancion\/te-quiero-mas\/#primaryimage","url":"https:\/\/tucuatro.com\/es\/wp-content\/uploads\/sites\/3\/2016\/12\/mqdefault-100.jpg","contentUrl":"https:\/\/tucuatro.com\/es\/wp-content\/uploads\/sites\/3\/2016\/12\/mqdefault-100.jpg","width":320,"height":180},{"@type":"BreadcrumbList","@id":"https:\/\/tucuatro.com\/es\/cancion\/te-quiero-mas\/#breadcrumb","itemListElement":[{"@type":"ListItem","position":1,"name":"Portada","item":"https:\/\/tucuatro.com\/es\/"},{"@type":"ListItem","position":2,"name":"Canciones","item":"https:\/\/tucuatro.com\/es\/cancion\/"},{"@type":"ListItem","position":3,"name":"Te Quiero Mas"}]},{"@type":"WebSite","@id":"https:\/\/tucuatro.com\/es\/#website","url":"https:\/\/tucuatro.com\/es\/","name":"TuCuatro","description":"TuCuatro","publisher":{"@id":"https:\/\/tucuatro.com\/es\/#organization"},"potentialAction":[{"@type":"SearchAction","target":{"@type":"EntryPoint","urlTemplate":"https:\/\/tucuatro.com\/es\/?s={search_term_string}"},"query-input":{"@type":"PropertyValueSpecification","valueRequired":true,"valueName":"search_term_string"}}],"inLanguage":"es"},{"@type":"Organization","@id":"https:\/\/tucuatro.com\/es\/#organization","name":"TuCuatro","url":"https:\/\/tucuatro.com\/es\/","logo":{"@type":"ImageObject","inLanguage":"es","@id":"https:\/\/tucuatro.com\/es\/#\/schema\/logo\/image\/","url":"https:\/\/tucuatro.com\/es\/wp-content\/uploads\/sites\/3\/2020\/02\/fretboard_icon_black-64px.png","contentUrl":"https:\/\/tucuatro.com\/es\/wp-content\/uploads\/sites\/3\/2020\/02\/fretboard_icon_black-64px.png","width":64,"height":107,"caption":"TuCuatro"},"image":{"@id":"https:\/\/tucuatro.com\/es\/#\/schema\/logo\/image\/"},"sameAs":["https:\/\/facebook.com\/tucuatrodigital","https:\/\/x.com\/tucuatro"]}]}},"_links":{"self":[{"href":"https:\/\/tucuatro.com\/es\/wp-json\/wp\/v2\/cancion\/12889","targetHints":{"allow":["GET"]}}],"collection":[{"href":"https:\/\/tucuatro.com\/es\/wp-json\/wp\/v2\/cancion"}],"about":[{"href":"https:\/\/tucuatro.com\/es\/wp-json\/wp\/v2\/types\/cancion"}],"author":[{"embeddable":true,"href":"https:\/\/tucuatro.com\/es\/wp-json\/wp\/v2\/users\/1"}],"replies":[{"embeddable":true,"href":"https:\/\/tucuatro.com\/es\/wp-json\/wp\/v2\/comments?post=12889"}],"version-history":[{"count":0,"href":"https:\/\/tucuatro.com\/es\/wp-json\/wp\/v2\/cancion\/12889\/revisions"}],"wp:featuredmedia":[{"embeddable":true,"href":"https:\/\/tucuatro.com\/es\/wp-json\/wp\/v2\/media\/27915"}],"wp:attachment":[{"href":"https:\/\/tucuatro.com\/es\/wp-json\/wp\/v2\/media?parent=12889"}],"wp:term":[{"taxonomy":"song-composer","embeddable":true,"href":"https:\/\/tucuatro.com\/es\/wp-json\/wp\/v2\/song-composer?post=12889"},{"taxonomy":"song-performer","embeddable":true,"href":"https:\/\/tucuatro.com\/es\/wp-json\/wp\/v2\/song-performer?post=12889"},{"taxonomy":"song-genre","embeddable":true,"href":"https:\/\/tucuatro.com\/es\/wp-json\/wp\/v2\/song-genre?post=12889"},{"taxonomy":"song-level","embeddable":true,"href":"https:\/\/tucuatro.com\/es\/wp-json\/wp\/v2\/song-level?post=12889"},{"taxonomy":"song-instrument","embeddable":true,"href":"https:\/\/tucuatro.com\/es\/wp-json\/wp\/v2\/song-instrument?post=12889"},{"taxonomy":"song-country","embeddable":true,"href":"https:\/\/tucuatro.com\/es\/wp-json\/wp\/v2\/song-country?post=12889"},{"taxonomy":"song-songbook","embeddable":true,"href":"https:\/\/tucuatro.com\/es\/wp-json\/wp\/v2\/song-songbook?post=12889"}],"curies":[{"name":"wp","href":"https:\/\/api.w.org\/{rel}","templated":true}]}}