{"id":12915,"date":"2016-12-02T06:53:44","date_gmt":"2016-12-02T11:23:44","guid":{"rendered":"https:\/\/tucuatro.com\/es\/cancion\/flor-palida\/"},"modified":"2020-05-24T18:44:45","modified_gmt":"2020-05-24T22:44:45","slug":"flor-palida","status":"publish","type":"cancion","link":"https:\/\/tucuatro.com\/es\/cancion\/flor-palida\/","title":{"rendered":"Flor Palida"},"content":{"rendered":"<p>    G                   D<br \/>\nHall\u00e9 una flor, un d\u00eda en el camino<br \/>\n    Am                   Em<br \/>\nQue apareci\u00f3 marchita y deshojada<br \/>\n     C                  G<br \/>\nYa casi p\u00e1lida ahogada en un suspiro<br \/>\n     Am                 D<br \/>\nMe la llev\u00e9 a jard\u00edn para cuidarla<\/p>\n<p>     G                  D<br \/>\nAquella flor de p\u00e9talos dormidos<br \/>\n     Am                Em<br \/>\nA la que cuido hoy con toda el alma<br \/>\n     C                  G<br \/>\nRecuper\u00f3 el color que hab\u00eda perdido<br \/>\n     Am                  D<br \/>\nPorque encontr\u00f3 un cuidador que la regara<\/p>\n<p>CORO<\/p>\n<p>   Em                  D<br \/>\nLe fui poniendo un poquito de amor<br \/>\n   Em                  D<br \/>\nLa fui abrigando en mi alma<br \/>\n   C                   G<br \/>\nY en el invierno le daba calor<br \/>\n   A           D<br \/>\nPara que no se da\u00f1ara<\/p>\n<p>   Em                  D<br \/>\nDe aquella flor hoy el due\u00f1o soy yo<br \/>\n   Em              D<br \/>\nY he prometido cuidarla<br \/>\n   C               G<br \/>\nPara que nadie le robe el color<br \/>\n   Am     D          G<br \/>\nPara que nunca se vaya.<\/p>\n<p>G  D  Am  Em<\/p>\n<p>   G                       D<br \/>\nDe aquella flor surgieron tantas cosas<br \/>\n   Am                      Em<br \/>\nNaci\u00f3 el amor que ya se hab\u00eda perdido<br \/>\n   C                       G<br \/>\nY con la luz del sol se fue la sombra<br \/>\n   Am            D              G<br \/>\nY con la sombra la distancia y el olvido<\/p>\n<p>CORO<\/p>\n","protected":false},"excerpt":{"rendered":"<p>G D Hall\u00e9 una flor, un d\u00eda en el camino Am Em Que apareci\u00f3 marchita y deshojada C G Ya casi p\u00e1lida ahogada en un suspiro Am D Me la llev\u00e9 a jard\u00edn para cuidarla G D Aquella flor de p\u00e9talos dormidos Am Em A la que cuido hoy con toda el alma C G [&hellip;]<\/p>\n","protected":false},"author":240,"featured_media":27733,"parent":0,"comment_status":"open","ping_status":"closed","template":"","song-composer":[],"song-performer":[],"song-genre":[150],"song-level":[],"song-instrument":[],"song-country":[],"song-songbook":[],"class_list":["post-12915","cancion","type-cancion","status-publish","has-post-thumbnail","hentry","song-genre-salsa"],"_tucuatro_song_artist":"Marc Anthony","_tucuatro_song_info":[],"_featured_video":"https:\/\/www.youtube.com\/watch?v=_pD0L74SA_0","yoast_head":"<!-- This site is optimized with the Yoast SEO plugin v27.2 - https:\/\/yoast.com\/product\/yoast-seo-wordpress\/ -->\n<title>Flor Palida - Letras y Acordes de la Canci\u00f3n - TuCuatro - El Cuatro Venezolano<\/title>\n<meta name=\"description\" content=\"G D Hall\u00e9 una flor, un d\u00eda en el camino Am Em Que apareci\u00f3 marchita y deshojada C G Ya casi p\u00e1lida ahogada en un suspiro Am D Me la llev\u00e9 a jard\u00edn para\" \/>\n<meta name=\"robots\" content=\"index, follow, max-snippet:-1, max-image-preview:large, max-video-preview:-1\" \/>\n<link rel=\"canonical\" href=\"https:\/\/tucuatro.com\/es\/cancion\/flor-palida\/\" \/>\n<meta property=\"og:locale\" content=\"es_ES\" \/>\n<meta property=\"og:type\" content=\"article\" \/>\n<meta property=\"og:title\" content=\"Flor Palida - Letras y Acordes de la Canci\u00f3n - TuCuatro - El Cuatro Venezolano\" \/>\n<meta property=\"og:description\" content=\"G D Hall\u00e9 una flor, un d\u00eda en el camino Am Em Que apareci\u00f3 marchita y deshojada C G Ya casi p\u00e1lida ahogada en un suspiro Am D Me la llev\u00e9 a jard\u00edn para\" \/>\n<meta property=\"og:url\" content=\"https:\/\/tucuatro.com\/es\/cancion\/flor-palida\/\" \/>\n<meta property=\"og:site_name\" content=\"TuCuatro - El Cuatro Venezolano\" \/>\n<meta property=\"article:publisher\" content=\"https:\/\/facebook.com\/tucuatrodigital\" \/>\n<meta property=\"article:modified_time\" content=\"2020-05-24T22:44:45+00:00\" \/>\n<meta property=\"og:image\" content=\"https:\/\/tucuatro.com\/es\/wp-content\/uploads\/sites\/3\/2016\/12\/mqdefault-42.jpg\" \/>\n\t<meta property=\"og:image:width\" content=\"320\" \/>\n\t<meta property=\"og:image:height\" content=\"180\" \/>\n\t<meta property=\"og:image:type\" content=\"image\/jpeg\" \/>\n<meta name=\"twitter:card\" content=\"summary_large_image\" \/>\n<meta name=\"twitter:site\" content=\"@tucuatro\" \/>\n<meta name=\"twitter:label1\" content=\"Tiempo de lectura\" \/>\n\t<meta name=\"twitter:data1\" content=\"1 minuto\" \/>\n<script type=\"application\/ld+json\" class=\"yoast-schema-graph\">{\"@context\":\"https:\/\/schema.org\",\"@graph\":[{\"@type\":\"WebPage\",\"@id\":\"https:\/\/tucuatro.com\/es\/cancion\/flor-palida\/\",\"url\":\"https:\/\/tucuatro.com\/es\/cancion\/flor-palida\/\",\"name\":\"Flor Palida - Letras y Acordes de la Canci\u00f3n - TuCuatro - El Cuatro Venezolano\",\"isPartOf\":{\"@id\":\"https:\/\/tucuatro.com\/es\/#website\"},\"primaryImageOfPage\":{\"@id\":\"https:\/\/tucuatro.com\/es\/cancion\/flor-palida\/#primaryimage\"},\"image\":{\"@id\":\"https:\/\/tucuatro.com\/es\/cancion\/flor-palida\/#primaryimage\"},\"thumbnailUrl\":\"https:\/\/tucuatro.com\/es\/wp-content\/uploads\/sites\/3\/2016\/12\/mqdefault-42.jpg\",\"datePublished\":\"2016-12-02T11:23:44+00:00\",\"dateModified\":\"2020-05-24T22:44:45+00:00\",\"description\":\"G D Hall\u00e9 una flor, un d\u00eda en el camino Am Em Que apareci\u00f3 marchita y deshojada C G Ya casi p\u00e1lida ahogada en un suspiro Am D Me la llev\u00e9 a jard\u00edn para\",\"breadcrumb\":{\"@id\":\"https:\/\/tucuatro.com\/es\/cancion\/flor-palida\/#breadcrumb\"},\"inLanguage\":\"es\",\"potentialAction\":[{\"@type\":\"ReadAction\",\"target\":[\"https:\/\/tucuatro.com\/es\/cancion\/flor-palida\/\"]}]},{\"@type\":\"ImageObject\",\"inLanguage\":\"es\",\"@id\":\"https:\/\/tucuatro.com\/es\/cancion\/flor-palida\/#primaryimage\",\"url\":\"https:\/\/tucuatro.com\/es\/wp-content\/uploads\/sites\/3\/2016\/12\/mqdefault-42.jpg\",\"contentUrl\":\"https:\/\/tucuatro.com\/es\/wp-content\/uploads\/sites\/3\/2016\/12\/mqdefault-42.jpg\",\"width\":320,\"height\":180},{\"@type\":\"BreadcrumbList\",\"@id\":\"https:\/\/tucuatro.com\/es\/cancion\/flor-palida\/#breadcrumb\",\"itemListElement\":[{\"@type\":\"ListItem\",\"position\":1,\"name\":\"Portada\",\"item\":\"https:\/\/tucuatro.com\/es\/\"},{\"@type\":\"ListItem\",\"position\":2,\"name\":\"Canciones\",\"item\":\"https:\/\/tucuatro.com\/es\/cancion\/\"},{\"@type\":\"ListItem\",\"position\":3,\"name\":\"Flor Palida\"}]},{\"@type\":\"WebSite\",\"@id\":\"https:\/\/tucuatro.com\/es\/#website\",\"url\":\"https:\/\/tucuatro.com\/es\/\",\"name\":\"TuCuatro\",\"description\":\"TuCuatro\",\"publisher\":{\"@id\":\"https:\/\/tucuatro.com\/es\/#organization\"},\"potentialAction\":[{\"@type\":\"SearchAction\",\"target\":{\"@type\":\"EntryPoint\",\"urlTemplate\":\"https:\/\/tucuatro.com\/es\/?s={search_term_string}\"},\"query-input\":{\"@type\":\"PropertyValueSpecification\",\"valueRequired\":true,\"valueName\":\"search_term_string\"}}],\"inLanguage\":\"es\"},{\"@type\":\"Organization\",\"@id\":\"https:\/\/tucuatro.com\/es\/#organization\",\"name\":\"TuCuatro\",\"url\":\"https:\/\/tucuatro.com\/es\/\",\"logo\":{\"@type\":\"ImageObject\",\"inLanguage\":\"es\",\"@id\":\"https:\/\/tucuatro.com\/es\/#\/schema\/logo\/image\/\",\"url\":\"https:\/\/tucuatro.com\/es\/wp-content\/uploads\/sites\/3\/2020\/02\/fretboard_icon_black-64px.png\",\"contentUrl\":\"https:\/\/tucuatro.com\/es\/wp-content\/uploads\/sites\/3\/2020\/02\/fretboard_icon_black-64px.png\",\"width\":64,\"height\":107,\"caption\":\"TuCuatro\"},\"image\":{\"@id\":\"https:\/\/tucuatro.com\/es\/#\/schema\/logo\/image\/\"},\"sameAs\":[\"https:\/\/facebook.com\/tucuatrodigital\",\"https:\/\/x.com\/tucuatro\"]}]}<\/script>\n<!-- \/ Yoast SEO plugin. -->","yoast_head_json":{"title":"Flor Palida - Letras y Acordes de la Canci\u00f3n - TuCuatro - El Cuatro Venezolano","description":"G D Hall\u00e9 una flor, un d\u00eda en el camino Am Em Que apareci\u00f3 marchita y deshojada C G Ya casi p\u00e1lida ahogada en un suspiro Am D Me la llev\u00e9 a jard\u00edn para","robots":{"index":"index","follow":"follow","max-snippet":"max-snippet:-1","max-image-preview":"max-image-preview:large","max-video-preview":"max-video-preview:-1"},"canonical":"https:\/\/tucuatro.com\/es\/cancion\/flor-palida\/","og_locale":"es_ES","og_type":"article","og_title":"Flor Palida - Letras y Acordes de la Canci\u00f3n - TuCuatro - El Cuatro Venezolano","og_description":"G D Hall\u00e9 una flor, un d\u00eda en el camino Am Em Que apareci\u00f3 marchita y deshojada C G Ya casi p\u00e1lida ahogada en un suspiro Am D Me la llev\u00e9 a jard\u00edn para","og_url":"https:\/\/tucuatro.com\/es\/cancion\/flor-palida\/","og_site_name":"TuCuatro - El Cuatro Venezolano","article_publisher":"https:\/\/facebook.com\/tucuatrodigital","article_modified_time":"2020-05-24T22:44:45+00:00","og_image":[{"width":320,"height":180,"url":"https:\/\/tucuatro.com\/es\/wp-content\/uploads\/sites\/3\/2016\/12\/mqdefault-42.jpg","type":"image\/jpeg"}],"twitter_card":"summary_large_image","twitter_site":"@tucuatro","twitter_misc":{"Tiempo de lectura":"1 minuto"},"schema":{"@context":"https:\/\/schema.org","@graph":[{"@type":"WebPage","@id":"https:\/\/tucuatro.com\/es\/cancion\/flor-palida\/","url":"https:\/\/tucuatro.com\/es\/cancion\/flor-palida\/","name":"Flor Palida - Letras y Acordes de la Canci\u00f3n - TuCuatro - El Cuatro Venezolano","isPartOf":{"@id":"https:\/\/tucuatro.com\/es\/#website"},"primaryImageOfPage":{"@id":"https:\/\/tucuatro.com\/es\/cancion\/flor-palida\/#primaryimage"},"image":{"@id":"https:\/\/tucuatro.com\/es\/cancion\/flor-palida\/#primaryimage"},"thumbnailUrl":"https:\/\/tucuatro.com\/es\/wp-content\/uploads\/sites\/3\/2016\/12\/mqdefault-42.jpg","datePublished":"2016-12-02T11:23:44+00:00","dateModified":"2020-05-24T22:44:45+00:00","description":"G D Hall\u00e9 una flor, un d\u00eda en el camino Am Em Que apareci\u00f3 marchita y deshojada C G Ya casi p\u00e1lida ahogada en un suspiro Am D Me la llev\u00e9 a jard\u00edn para","breadcrumb":{"@id":"https:\/\/tucuatro.com\/es\/cancion\/flor-palida\/#breadcrumb"},"inLanguage":"es","potentialAction":[{"@type":"ReadAction","target":["https:\/\/tucuatro.com\/es\/cancion\/flor-palida\/"]}]},{"@type":"ImageObject","inLanguage":"es","@id":"https:\/\/tucuatro.com\/es\/cancion\/flor-palida\/#primaryimage","url":"https:\/\/tucuatro.com\/es\/wp-content\/uploads\/sites\/3\/2016\/12\/mqdefault-42.jpg","contentUrl":"https:\/\/tucuatro.com\/es\/wp-content\/uploads\/sites\/3\/2016\/12\/mqdefault-42.jpg","width":320,"height":180},{"@type":"BreadcrumbList","@id":"https:\/\/tucuatro.com\/es\/cancion\/flor-palida\/#breadcrumb","itemListElement":[{"@type":"ListItem","position":1,"name":"Portada","item":"https:\/\/tucuatro.com\/es\/"},{"@type":"ListItem","position":2,"name":"Canciones","item":"https:\/\/tucuatro.com\/es\/cancion\/"},{"@type":"ListItem","position":3,"name":"Flor Palida"}]},{"@type":"WebSite","@id":"https:\/\/tucuatro.com\/es\/#website","url":"https:\/\/tucuatro.com\/es\/","name":"TuCuatro","description":"TuCuatro","publisher":{"@id":"https:\/\/tucuatro.com\/es\/#organization"},"potentialAction":[{"@type":"SearchAction","target":{"@type":"EntryPoint","urlTemplate":"https:\/\/tucuatro.com\/es\/?s={search_term_string}"},"query-input":{"@type":"PropertyValueSpecification","valueRequired":true,"valueName":"search_term_string"}}],"inLanguage":"es"},{"@type":"Organization","@id":"https:\/\/tucuatro.com\/es\/#organization","name":"TuCuatro","url":"https:\/\/tucuatro.com\/es\/","logo":{"@type":"ImageObject","inLanguage":"es","@id":"https:\/\/tucuatro.com\/es\/#\/schema\/logo\/image\/","url":"https:\/\/tucuatro.com\/es\/wp-content\/uploads\/sites\/3\/2020\/02\/fretboard_icon_black-64px.png","contentUrl":"https:\/\/tucuatro.com\/es\/wp-content\/uploads\/sites\/3\/2020\/02\/fretboard_icon_black-64px.png","width":64,"height":107,"caption":"TuCuatro"},"image":{"@id":"https:\/\/tucuatro.com\/es\/#\/schema\/logo\/image\/"},"sameAs":["https:\/\/facebook.com\/tucuatrodigital","https:\/\/x.com\/tucuatro"]}]}},"_links":{"self":[{"href":"https:\/\/tucuatro.com\/es\/wp-json\/wp\/v2\/cancion\/12915","targetHints":{"allow":["GET"]}}],"collection":[{"href":"https:\/\/tucuatro.com\/es\/wp-json\/wp\/v2\/cancion"}],"about":[{"href":"https:\/\/tucuatro.com\/es\/wp-json\/wp\/v2\/types\/cancion"}],"author":[{"embeddable":true,"href":"https:\/\/tucuatro.com\/es\/wp-json\/wp\/v2\/users\/240"}],"replies":[{"embeddable":true,"href":"https:\/\/tucuatro.com\/es\/wp-json\/wp\/v2\/comments?post=12915"}],"version-history":[{"count":0,"href":"https:\/\/tucuatro.com\/es\/wp-json\/wp\/v2\/cancion\/12915\/revisions"}],"wp:featuredmedia":[{"embeddable":true,"href":"https:\/\/tucuatro.com\/es\/wp-json\/wp\/v2\/media\/27733"}],"wp:attachment":[{"href":"https:\/\/tucuatro.com\/es\/wp-json\/wp\/v2\/media?parent=12915"}],"wp:term":[{"taxonomy":"song-composer","embeddable":true,"href":"https:\/\/tucuatro.com\/es\/wp-json\/wp\/v2\/song-composer?post=12915"},{"taxonomy":"song-performer","embeddable":true,"href":"https:\/\/tucuatro.com\/es\/wp-json\/wp\/v2\/song-performer?post=12915"},{"taxonomy":"song-genre","embeddable":true,"href":"https:\/\/tucuatro.com\/es\/wp-json\/wp\/v2\/song-genre?post=12915"},{"taxonomy":"song-level","embeddable":true,"href":"https:\/\/tucuatro.com\/es\/wp-json\/wp\/v2\/song-level?post=12915"},{"taxonomy":"song-instrument","embeddable":true,"href":"https:\/\/tucuatro.com\/es\/wp-json\/wp\/v2\/song-instrument?post=12915"},{"taxonomy":"song-country","embeddable":true,"href":"https:\/\/tucuatro.com\/es\/wp-json\/wp\/v2\/song-country?post=12915"},{"taxonomy":"song-songbook","embeddable":true,"href":"https:\/\/tucuatro.com\/es\/wp-json\/wp\/v2\/song-songbook?post=12915"}],"curies":[{"name":"wp","href":"https:\/\/api.w.org\/{rel}","templated":true}]}}