{"id":14989,"date":"2017-05-23T22:41:29","date_gmt":"2017-05-24T02:41:29","guid":{"rendered":"https:\/\/tucuatro.com\/es\/?post_type=cancion&amp;p=14989"},"modified":"2017-05-23T22:41:29","modified_gmt":"2017-05-24T02:41:29","slug":"violeta-ausente","status":"publish","type":"cancion","link":"https:\/\/tucuatro.com\/es\/cancion\/violeta-ausente\/","title":{"rendered":"Violeta Ausente"},"content":{"rendered":"<p>Do    Re7    Sim    Mi    La     Re    Sol7    Do    Re7    Sim    Mi    La    Re   Sol<\/p>\n<p>Sol                            La                  Re<br \/>\n\u00bfPor qu\u00e9 me vine de Chile, tan bien que yo estaba all\u00e1?.<\/p>\n<p>      Do                Sol             Re            Sol<br \/>\nAhora ando en tierras extra\u00f1as, \u00a1Ay! cantando pero apen\u00e1.<\/p>\n<p>Sol                     Mim         La          Re<br \/>\nTengo en mi pecho una espina que me clava sin cesar.<\/p>\n<p>   Do             Sol             Re             Sol<br \/>\nEs mi coraz\u00f3n que sufre, \u00a1Ay! por su tierra chilena.<\/p>\n<p>Sol7          Do         Re7      Sim            Mi       La        Re          Sol7<br \/>\nQuiero bailar cueca, Quiero tomar chicha, Quiero ir al mercado y comprarme un Pequ\u00e9n.<\/p>\n<p>         Do      Re7         Sim          Mi    La        Re      Sol<br \/>\nIr a Matucana, Pasear por la quinta, Ir a Santa Luc\u00eda, Contigo mi bien.<\/p>\n<p>Sol7  Do   Re7   Sim   Mi   La    Re   Sol7   Do   Re7   Sim   Mi   La   Re   Sol<\/p>\n<p>Sol                         La             Re<br \/>\nAntes de salir de Chile, yo no supe comprender.<\/p>\n<p>   Do              Sol           Re           Sol<br \/>\nLo que vale ser chileno, \u00a1ay! ahora s\u00ed que lo s\u00e9.<\/p>\n<p>Sol                   Mim     La             Re<br \/>\nIgual que lloran mis ojos, al cantar esta canci\u00f3n.<\/p>\n<p> Do                    Sol            Re              Sol<br \/>\nAs\u00ed que ahora en mi guitarra, \u00a1Ay!, penosamente en Bord\u00f3.<\/p>\n<p>Sol7          Do         Re7      Sim            Mi       La        Re          Sol7<br \/>\nQuiero bailar cueca, Quiero tomar chicha, Quiero ir al mercado y comprarme un Pequ\u00e9n.<\/p>\n<p>         Do      Re7         Sim          Mi    La        Re      Sol<br \/>\nIr a Matucana, Pasear por la quinta, Ir a Santa Luc\u00eda, Contigo mi bien.<\/p>\n<p>Sol7  Do   Re7   Sim   Mi   La    Re   Sol7   Do   Re7   Sim   Mi   La   Re   Sol<\/p>\n<p>Sol                        La             Re<br \/>\nQu\u00e9 lejos est\u00e1 mi Chile, lejos ni media mitad.<\/p>\n<p>    Do                Sol            Re             Sol<br \/>\nQu\u00e9 lejos mis ocho hermanos, \u00a1Ay! mi comadre y mi mam\u00e1.<\/p>\n<p>Sol                   Mim        La             Re<br \/>\nParece que hiciera un siglo, que de Chile no s\u00e9 n\u00e1.<\/p>\n<p>    Do               Sol       Re                Sol<br \/>\nPor eso escribo esta carta, la mando de aqu\u00ed pa&#8217; all\u00e1.<\/p>\n<p>Sol7          Do         Re7      Sim            Mi       La        Re          Sol7<br \/>\nQuiero bailar cueca, Quiero tomar chicha, Quiero ir al mercado y comprarme un Pequ\u00e9n.<\/p>\n<p>         Do      Re7         Sim          Mi    La        Re      Sol<br \/>\nIr a Matucana, Pasear por la quinta, Ir a Santa Luc\u00eda, Contigo mi bien.<\/p>\n<p>Sol7          Do         Re7      Sim            Mi       La        Re          Sol7<br \/>\nQuiero bailar cueca, Quiero tomar chicha, Quiero ir al mercado y comprarme un Pequ\u00e9n.<\/p>\n<p>         Do      Re7         Sim          Mi    La        Re      Sol<br \/>\nIr a Matucana, Pasear por la quinta, Ir a Santa Luc\u00eda, Contigo mi bieeeen.<\/p>\n","protected":false},"excerpt":{"rendered":"<p>Do Re7 Sim Mi La Re Sol7 Do Re7 Sim Mi La Re Sol Sol La Re \u00bfPor qu\u00e9 me vine de Chile, tan bien que yo estaba all\u00e1?. Do Sol Re Sol Ahora ando en tierras extra\u00f1as, \u00a1Ay! cantando pero apen\u00e1. Sol Mim La Re Tengo en mi pecho una espina que me clava [&hellip;]<\/p>\n","protected":false},"author":1,"featured_media":27771,"parent":0,"comment_status":"open","ping_status":"closed","template":"","song-composer":[],"song-performer":[],"song-genre":[120],"song-level":[109],"song-instrument":[],"song-country":[114],"song-songbook":[],"class_list":["post-14989","cancion","type-cancion","status-publish","has-post-thumbnail","hentry","song-genre-cueca","song-level-basico","song-country-chile"],"_tucuatro_song_artist":"Mauc\u00f3 de la RPC","_tucuatro_song_info":"","_featured_video":"https:\/\/www.youtube.com\/watch?v=7TYH0kpDCDc","yoast_head":"<!-- This site is optimized with the Yoast SEO plugin v27.2 - https:\/\/yoast.com\/product\/yoast-seo-wordpress\/ -->\n<title>Violeta Ausente - Letras y Acordes de la Canci\u00f3n - TuCuatro - El Cuatro Venezolano<\/title>\n<meta name=\"description\" content=\"Do Re7 Sim Mi La Re Sol7 Do Re7 Sim Mi La Re Sol Sol La Re \u00bfPor qu\u00e9 me vine de Chile, tan bien que yo estaba all\u00e1?. Do Sol Re Sol Ahora ando en tierras\" \/>\n<meta name=\"robots\" content=\"index, follow, max-snippet:-1, max-image-preview:large, max-video-preview:-1\" \/>\n<link rel=\"canonical\" href=\"https:\/\/tucuatro.com\/es\/cancion\/violeta-ausente\/\" \/>\n<meta property=\"og:locale\" content=\"es_ES\" \/>\n<meta property=\"og:type\" content=\"article\" \/>\n<meta property=\"og:title\" content=\"Violeta Ausente - Letras y Acordes de la Canci\u00f3n - TuCuatro - El Cuatro Venezolano\" \/>\n<meta property=\"og:description\" content=\"Do Re7 Sim Mi La Re Sol7 Do Re7 Sim Mi La Re Sol Sol La Re \u00bfPor qu\u00e9 me vine de Chile, tan bien que yo estaba all\u00e1?. Do Sol Re Sol Ahora ando en tierras\" \/>\n<meta property=\"og:url\" content=\"https:\/\/tucuatro.com\/es\/cancion\/violeta-ausente\/\" \/>\n<meta property=\"og:site_name\" content=\"TuCuatro - El Cuatro Venezolano\" \/>\n<meta property=\"article:publisher\" content=\"https:\/\/facebook.com\/tucuatrodigital\" \/>\n<meta property=\"og:image\" content=\"https:\/\/tucuatro.com\/es\/wp-content\/uploads\/sites\/3\/2017\/05\/mqdefault-2.jpg\" \/>\n\t<meta property=\"og:image:width\" content=\"320\" \/>\n\t<meta property=\"og:image:height\" content=\"180\" \/>\n\t<meta property=\"og:image:type\" content=\"image\/jpeg\" \/>\n<meta name=\"twitter:card\" content=\"summary_large_image\" \/>\n<meta name=\"twitter:site\" content=\"@tucuatro\" \/>\n<meta name=\"twitter:label1\" content=\"Tiempo de lectura\" \/>\n\t<meta name=\"twitter:data1\" content=\"2 minutos\" \/>\n<script type=\"application\/ld+json\" class=\"yoast-schema-graph\">{\"@context\":\"https:\/\/schema.org\",\"@graph\":[{\"@type\":\"WebPage\",\"@id\":\"https:\/\/tucuatro.com\/es\/cancion\/violeta-ausente\/\",\"url\":\"https:\/\/tucuatro.com\/es\/cancion\/violeta-ausente\/\",\"name\":\"Violeta Ausente - Letras y Acordes de la Canci\u00f3n - TuCuatro - El Cuatro Venezolano\",\"isPartOf\":{\"@id\":\"https:\/\/tucuatro.com\/es\/#website\"},\"primaryImageOfPage\":{\"@id\":\"https:\/\/tucuatro.com\/es\/cancion\/violeta-ausente\/#primaryimage\"},\"image\":{\"@id\":\"https:\/\/tucuatro.com\/es\/cancion\/violeta-ausente\/#primaryimage\"},\"thumbnailUrl\":\"https:\/\/tucuatro.com\/es\/wp-content\/uploads\/sites\/3\/2017\/05\/mqdefault-2.jpg\",\"datePublished\":\"2017-05-24T02:41:29+00:00\",\"description\":\"Do Re7 Sim Mi La Re Sol7 Do Re7 Sim Mi La Re Sol Sol La Re \u00bfPor qu\u00e9 me vine de Chile, tan bien que yo estaba all\u00e1?. Do Sol Re Sol Ahora ando en tierras\",\"breadcrumb\":{\"@id\":\"https:\/\/tucuatro.com\/es\/cancion\/violeta-ausente\/#breadcrumb\"},\"inLanguage\":\"es\",\"potentialAction\":[{\"@type\":\"ReadAction\",\"target\":[\"https:\/\/tucuatro.com\/es\/cancion\/violeta-ausente\/\"]}]},{\"@type\":\"ImageObject\",\"inLanguage\":\"es\",\"@id\":\"https:\/\/tucuatro.com\/es\/cancion\/violeta-ausente\/#primaryimage\",\"url\":\"https:\/\/tucuatro.com\/es\/wp-content\/uploads\/sites\/3\/2017\/05\/mqdefault-2.jpg\",\"contentUrl\":\"https:\/\/tucuatro.com\/es\/wp-content\/uploads\/sites\/3\/2017\/05\/mqdefault-2.jpg\",\"width\":320,\"height\":180},{\"@type\":\"BreadcrumbList\",\"@id\":\"https:\/\/tucuatro.com\/es\/cancion\/violeta-ausente\/#breadcrumb\",\"itemListElement\":[{\"@type\":\"ListItem\",\"position\":1,\"name\":\"Portada\",\"item\":\"https:\/\/tucuatro.com\/es\/\"},{\"@type\":\"ListItem\",\"position\":2,\"name\":\"Canciones\",\"item\":\"https:\/\/tucuatro.com\/es\/cancion\/\"},{\"@type\":\"ListItem\",\"position\":3,\"name\":\"Violeta Ausente\"}]},{\"@type\":\"WebSite\",\"@id\":\"https:\/\/tucuatro.com\/es\/#website\",\"url\":\"https:\/\/tucuatro.com\/es\/\",\"name\":\"TuCuatro\",\"description\":\"TuCuatro\",\"publisher\":{\"@id\":\"https:\/\/tucuatro.com\/es\/#organization\"},\"potentialAction\":[{\"@type\":\"SearchAction\",\"target\":{\"@type\":\"EntryPoint\",\"urlTemplate\":\"https:\/\/tucuatro.com\/es\/?s={search_term_string}\"},\"query-input\":{\"@type\":\"PropertyValueSpecification\",\"valueRequired\":true,\"valueName\":\"search_term_string\"}}],\"inLanguage\":\"es\"},{\"@type\":\"Organization\",\"@id\":\"https:\/\/tucuatro.com\/es\/#organization\",\"name\":\"TuCuatro\",\"url\":\"https:\/\/tucuatro.com\/es\/\",\"logo\":{\"@type\":\"ImageObject\",\"inLanguage\":\"es\",\"@id\":\"https:\/\/tucuatro.com\/es\/#\/schema\/logo\/image\/\",\"url\":\"https:\/\/tucuatro.com\/es\/wp-content\/uploads\/sites\/3\/2020\/02\/fretboard_icon_black-64px.png\",\"contentUrl\":\"https:\/\/tucuatro.com\/es\/wp-content\/uploads\/sites\/3\/2020\/02\/fretboard_icon_black-64px.png\",\"width\":64,\"height\":107,\"caption\":\"TuCuatro\"},\"image\":{\"@id\":\"https:\/\/tucuatro.com\/es\/#\/schema\/logo\/image\/\"},\"sameAs\":[\"https:\/\/facebook.com\/tucuatrodigital\",\"https:\/\/x.com\/tucuatro\"]}]}<\/script>\n<!-- \/ Yoast SEO plugin. -->","yoast_head_json":{"title":"Violeta Ausente - Letras y Acordes de la Canci\u00f3n - TuCuatro - El Cuatro Venezolano","description":"Do Re7 Sim Mi La Re Sol7 Do Re7 Sim Mi La Re Sol Sol La Re \u00bfPor qu\u00e9 me vine de Chile, tan bien que yo estaba all\u00e1?. Do Sol Re Sol Ahora ando en tierras","robots":{"index":"index","follow":"follow","max-snippet":"max-snippet:-1","max-image-preview":"max-image-preview:large","max-video-preview":"max-video-preview:-1"},"canonical":"https:\/\/tucuatro.com\/es\/cancion\/violeta-ausente\/","og_locale":"es_ES","og_type":"article","og_title":"Violeta Ausente - Letras y Acordes de la Canci\u00f3n - TuCuatro - El Cuatro Venezolano","og_description":"Do Re7 Sim Mi La Re Sol7 Do Re7 Sim Mi La Re Sol Sol La Re \u00bfPor qu\u00e9 me vine de Chile, tan bien que yo estaba all\u00e1?. Do Sol Re Sol Ahora ando en tierras","og_url":"https:\/\/tucuatro.com\/es\/cancion\/violeta-ausente\/","og_site_name":"TuCuatro - El Cuatro Venezolano","article_publisher":"https:\/\/facebook.com\/tucuatrodigital","og_image":[{"width":320,"height":180,"url":"https:\/\/tucuatro.com\/es\/wp-content\/uploads\/sites\/3\/2017\/05\/mqdefault-2.jpg","type":"image\/jpeg"}],"twitter_card":"summary_large_image","twitter_site":"@tucuatro","twitter_misc":{"Tiempo de lectura":"2 minutos"},"schema":{"@context":"https:\/\/schema.org","@graph":[{"@type":"WebPage","@id":"https:\/\/tucuatro.com\/es\/cancion\/violeta-ausente\/","url":"https:\/\/tucuatro.com\/es\/cancion\/violeta-ausente\/","name":"Violeta Ausente - Letras y Acordes de la Canci\u00f3n - TuCuatro - El Cuatro Venezolano","isPartOf":{"@id":"https:\/\/tucuatro.com\/es\/#website"},"primaryImageOfPage":{"@id":"https:\/\/tucuatro.com\/es\/cancion\/violeta-ausente\/#primaryimage"},"image":{"@id":"https:\/\/tucuatro.com\/es\/cancion\/violeta-ausente\/#primaryimage"},"thumbnailUrl":"https:\/\/tucuatro.com\/es\/wp-content\/uploads\/sites\/3\/2017\/05\/mqdefault-2.jpg","datePublished":"2017-05-24T02:41:29+00:00","description":"Do Re7 Sim Mi La Re Sol7 Do Re7 Sim Mi La Re Sol Sol La Re \u00bfPor qu\u00e9 me vine de Chile, tan bien que yo estaba all\u00e1?. Do Sol Re Sol Ahora ando en tierras","breadcrumb":{"@id":"https:\/\/tucuatro.com\/es\/cancion\/violeta-ausente\/#breadcrumb"},"inLanguage":"es","potentialAction":[{"@type":"ReadAction","target":["https:\/\/tucuatro.com\/es\/cancion\/violeta-ausente\/"]}]},{"@type":"ImageObject","inLanguage":"es","@id":"https:\/\/tucuatro.com\/es\/cancion\/violeta-ausente\/#primaryimage","url":"https:\/\/tucuatro.com\/es\/wp-content\/uploads\/sites\/3\/2017\/05\/mqdefault-2.jpg","contentUrl":"https:\/\/tucuatro.com\/es\/wp-content\/uploads\/sites\/3\/2017\/05\/mqdefault-2.jpg","width":320,"height":180},{"@type":"BreadcrumbList","@id":"https:\/\/tucuatro.com\/es\/cancion\/violeta-ausente\/#breadcrumb","itemListElement":[{"@type":"ListItem","position":1,"name":"Portada","item":"https:\/\/tucuatro.com\/es\/"},{"@type":"ListItem","position":2,"name":"Canciones","item":"https:\/\/tucuatro.com\/es\/cancion\/"},{"@type":"ListItem","position":3,"name":"Violeta Ausente"}]},{"@type":"WebSite","@id":"https:\/\/tucuatro.com\/es\/#website","url":"https:\/\/tucuatro.com\/es\/","name":"TuCuatro","description":"TuCuatro","publisher":{"@id":"https:\/\/tucuatro.com\/es\/#organization"},"potentialAction":[{"@type":"SearchAction","target":{"@type":"EntryPoint","urlTemplate":"https:\/\/tucuatro.com\/es\/?s={search_term_string}"},"query-input":{"@type":"PropertyValueSpecification","valueRequired":true,"valueName":"search_term_string"}}],"inLanguage":"es"},{"@type":"Organization","@id":"https:\/\/tucuatro.com\/es\/#organization","name":"TuCuatro","url":"https:\/\/tucuatro.com\/es\/","logo":{"@type":"ImageObject","inLanguage":"es","@id":"https:\/\/tucuatro.com\/es\/#\/schema\/logo\/image\/","url":"https:\/\/tucuatro.com\/es\/wp-content\/uploads\/sites\/3\/2020\/02\/fretboard_icon_black-64px.png","contentUrl":"https:\/\/tucuatro.com\/es\/wp-content\/uploads\/sites\/3\/2020\/02\/fretboard_icon_black-64px.png","width":64,"height":107,"caption":"TuCuatro"},"image":{"@id":"https:\/\/tucuatro.com\/es\/#\/schema\/logo\/image\/"},"sameAs":["https:\/\/facebook.com\/tucuatrodigital","https:\/\/x.com\/tucuatro"]}]}},"_links":{"self":[{"href":"https:\/\/tucuatro.com\/es\/wp-json\/wp\/v2\/cancion\/14989","targetHints":{"allow":["GET"]}}],"collection":[{"href":"https:\/\/tucuatro.com\/es\/wp-json\/wp\/v2\/cancion"}],"about":[{"href":"https:\/\/tucuatro.com\/es\/wp-json\/wp\/v2\/types\/cancion"}],"author":[{"embeddable":true,"href":"https:\/\/tucuatro.com\/es\/wp-json\/wp\/v2\/users\/1"}],"replies":[{"embeddable":true,"href":"https:\/\/tucuatro.com\/es\/wp-json\/wp\/v2\/comments?post=14989"}],"version-history":[{"count":0,"href":"https:\/\/tucuatro.com\/es\/wp-json\/wp\/v2\/cancion\/14989\/revisions"}],"wp:featuredmedia":[{"embeddable":true,"href":"https:\/\/tucuatro.com\/es\/wp-json\/wp\/v2\/media\/27771"}],"wp:attachment":[{"href":"https:\/\/tucuatro.com\/es\/wp-json\/wp\/v2\/media?parent=14989"}],"wp:term":[{"taxonomy":"song-composer","embeddable":true,"href":"https:\/\/tucuatro.com\/es\/wp-json\/wp\/v2\/song-composer?post=14989"},{"taxonomy":"song-performer","embeddable":true,"href":"https:\/\/tucuatro.com\/es\/wp-json\/wp\/v2\/song-performer?post=14989"},{"taxonomy":"song-genre","embeddable":true,"href":"https:\/\/tucuatro.com\/es\/wp-json\/wp\/v2\/song-genre?post=14989"},{"taxonomy":"song-level","embeddable":true,"href":"https:\/\/tucuatro.com\/es\/wp-json\/wp\/v2\/song-level?post=14989"},{"taxonomy":"song-instrument","embeddable":true,"href":"https:\/\/tucuatro.com\/es\/wp-json\/wp\/v2\/song-instrument?post=14989"},{"taxonomy":"song-country","embeddable":true,"href":"https:\/\/tucuatro.com\/es\/wp-json\/wp\/v2\/song-country?post=14989"},{"taxonomy":"song-songbook","embeddable":true,"href":"https:\/\/tucuatro.com\/es\/wp-json\/wp\/v2\/song-songbook?post=14989"}],"curies":[{"name":"wp","href":"https:\/\/api.w.org\/{rel}","templated":true}]}}