{"id":25674,"date":"2020-04-27T21:44:13","date_gmt":"2020-04-28T01:44:13","guid":{"rendered":"https:\/\/tucuatro.com\/es\/cancion\/viajera-del-rio\/"},"modified":"2022-11-21T11:37:06","modified_gmt":"2022-11-21T16:37:06","slug":"viajera-del-rio","status":"publish","type":"cancion","link":"https:\/\/tucuatro.com\/es\/cancion\/viajera-del-rio\/","title":{"rendered":"Viajera del R\u00edo"},"content":{"rendered":"<p>             A              Adim7<br \/>\nPaseando una vez por el malec\u00f3n<br \/>\n                A<br \/>\nextasiado me qued\u00e9<br \/>\n   A       F#7                Bm<br \/>\nal ver una flor perfumando el R\u00edo.<br \/>\n          D<br \/>\nEra angelical como el azahar<br \/>\n           E7<br \/>\ny corr\u00eda y corr\u00eda.<br \/>\n   D            E7          A<br \/>\nBuscando el horizonte se perd\u00eda.<\/p>\n<p>           A                 Adim7<br \/>\nLa quise tocar, la quise abrazar<br \/>\n                    A<br \/>\nquise amarla como a t\u00ed<br \/>\n                A7<br \/>\nNi que fuera un mago<br \/>\n                            D<br \/>\npara contener la fuerza del r\u00edo.<br \/>\n             D                 Dm                   A     F#7<br \/>\nY se fue ocultando y se fue marchando luego desapareci\u00f3<br \/>\n            Bm               E7                 A7<br \/>\nPasaron los a\u00f1os y el arcano tiempo la alej\u00f3 de m\u00ed.<\/p>\n<p>               D<br \/>\nPor eso en mis sue\u00f1os<br \/>\n            Dm<br \/>\ncuando la recuerdo<br \/>\n              A<br \/>\ntriste voy al malec\u00f3n<br \/>\nF#7            Bm<br \/>\npara ver si el r\u00edo<br \/>\n               E7<br \/>\ncambia la corriente y vuelvo a ver<br \/>\n   A<br \/>\nmi flor.<\/p>\n","protected":false},"excerpt":{"rendered":"<p>A Adim7 Paseando una vez por el malec\u00f3n A extasiado me qued\u00e9 A F#7 Bm al ver una flor perfumando el R\u00edo. D Era angelical como el azahar E7 y corr\u00eda y corr\u00eda. D E7 A Buscando el horizonte se perd\u00eda. A Adim7 La quise tocar, la quise abrazar A quise amarla como a t\u00ed [&hellip;]<\/p>\n","protected":false},"author":1,"featured_media":27408,"parent":0,"comment_status":"open","ping_status":"closed","template":"","song-composer":[218],"song-performer":[354,489,189],"song-genre":[160],"song-level":[109],"song-instrument":[118],"song-country":[161],"song-songbook":[],"class_list":["post-25674","cancion","type-cancion","status-publish","has-post-thumbnail","hentry","song-composer-manuel-yanez","song-performer-cheo-hurtado","song-performer-francisco-pacheco","song-performer-serenata-guayanesa","song-genre-vals","song-level-basico","song-instrument-cuatro","song-country-venezuela"],"_tucuatro_song_artist":"","_tucuatro_song_info":{"https:\/\/www.youtube.com\/watch?v=xZ486SzAqX8":{"instrument":"","key":"","speed":"","start":"","time_signature":"","beats_per_measure":"","display_as":"","overlay":null,"scrollable":null,"chords":"0:19 A\r\n0:22 Adim7\r\n0:25 A\r\n0:28 A\r\n0:30 F#7\r\n0:32 Bm\r\n0:35 D\r\n0:39 E7\r\n0:43 D\r\n0:45 E7\r\n0:47 A\r\n0:51 A\r\n0:53 Adim7\r\n0:55 A\r\n0:59 A7\r\n1:03 D\r\n1:07 D\r\n1:08 Dm\r\n1:11 A\r\n1:12 F#7\r\n1:14 Bm\r\n1:17 E7\r\n1:19 A7\r\n1:23 D\r\n1:25 Dm\r\n1:28 A\r\n1:30 F#7\r\n1:32 Bm\r\n1:34 E7\r\n1:38 A\r\n1:42 A\r\n1:44 Adim7\r\n1:46 A\r\n1:48 A\r\n1:50 A\r\n1:52 F#7\r\n1:54 Bm\r\n1:58 D\r\n2:01 E7\r\n2:05 D\r\n2:07 E7\r\n2:10 A\r\n2:13 A\r\n2:15 Adim7\r\n2:18 A\r\n2:21 A7\r\n2:25 D\r\n2:29 D\r\n2:31 Dm\r\n2:34 A\r\n2:36 F#7\r\n2:38 Bm\r\n2:40 E7\r\n2:42 A7\r\n2:46 D\r\n2:48 Dm\r\n2:50 A\r\n2:52 F#7\r\n2:54 Bm\r\n2:56 E7\r\n2:59 A\r\n3:10 A","lyrics":"Verse:\r\nx.x.x.x x.x.x.x x.x.x.x x.x.x.x\r\nx.x.x.x x.x.x.x x.x.x.x x.x.x.x\r\nx.x.x.x x.x.x.x x.x.x.x x.x.x.x\r\nx.x.x.x x.x.x.x x.x.x.x x.x.x.x\r\n\r\nChorus:\r\nx.x.x.x x.x.x.x x.x.x.x x.x.x.x\r\nx.x.x.x x.x.x.x x.x.x.x x.x.x.x\r\nx.x.x.x x.x.x.x x.x.x.x x.x.x.x\r\nx.x.x.x x.x.x.x x.x.x.x x.x.x.x\r\n\r\n\t\t\t0:18 Paseando una vez por el malec\u00f3n\r\n0:23 extasiado me qued\u00e9\r\n0:27 al ver una flor perfumando el R\u00edo.\r\n0:34 Era angelical como el azahar\r\n0:41 y corr\u00eda y corr\u00eda.\r\n0:43 Buscando el horizonte se perd\u00eda.\r\n0:49 La quise tocar, la quise abrazar\r\n0:54 quise amarla como a t\u00ed\r\n0:58 Ni que fuera un mago\r\n1:01 para contener la fuerza del r\u00edo.\r\n1:05 Y se fue ocultando y se fue marchando luego desapareci\u00f3\r\n1:13 Pasaron los a\u00f1os y el arcano tiempo la alej\u00f3 de m\u00ed.\r\n1:21 Por eso en mis sue\u00f1os\r\n1:24 cuando la recuerdo\r\n1:27 triste voy al malec\u00f3n\r\n1:30 para ver si el r\u00edo\r\n1:33 cambia la corriente y vuelvo a ver\r\n1:36 mi flor.\r\n1:41 Paseando una vez por el malec\u00f3n\r\n1:45 extasiado me qued\u00e9\r\n1:49 al ver una flor perfumando el R\u00edo.\r\n1:56 Era angelical como el azahar\r\n2:01 y corr\u00eda y corr\u00eda.\r\n2:05 Buscando el horizonte se perd\u00eda.\r\n2:12 La quise tocar, la quise abrazar\r\n2:14 quise amarla como a t\u00ed\r\n2:20 Ni que fuera un mago\r\n2:22 para contener la fuerza del r\u00edo.\r\n2:28 Y se fue ocultando y se fue marchando luego desapareci\u00f3\r\n2:36 Pasaron los a\u00f1os y el arcano tiempo la alej\u00f3 de m\u00ed.\r\n2:44 Por eso en mis sue\u00f1os\r\n2:47 cuando la recuerdo\r\n2:49 triste voy al malec\u00f3n\r\n2:52 para ver si el r\u00edo\r\n2:55 cambia la corriente y vuelvo a ver\r\n2:59 mi flor.\r\n3:02 para ver si el r\u00edo\r\n3:03 cambia la corriente y vuelvo a ver\r\n3:08 mi flor.","content":""}},"_featured_video":"https:\/\/www.youtube.com\/watch?v=xZ486SzAqX8","yoast_head":"<!-- This site is optimized with the Yoast SEO plugin v27.2 - https:\/\/yoast.com\/product\/yoast-seo-wordpress\/ -->\n<title>Viajera del R\u00edo - Letras y Acordes de la Canci\u00f3n - TuCuatro - El Cuatro Venezolano<\/title>\n<meta name=\"description\" content=\"A Adim7 Paseando una vez por el malec\u00f3n A extasiado me qued\u00e9 A F#7 Bm al ver una flor perfumando el R\u00edo. D Era angelical como el azahar E7 y corr\u00eda y\" \/>\n<meta name=\"robots\" content=\"index, follow, max-snippet:-1, max-image-preview:large, max-video-preview:-1\" \/>\n<link rel=\"canonical\" href=\"https:\/\/tucuatro.com\/es\/cancion\/viajera-del-rio\/\" \/>\n<meta property=\"og:locale\" content=\"es_ES\" \/>\n<meta property=\"og:type\" content=\"article\" \/>\n<meta property=\"og:title\" content=\"Viajera del R\u00edo - Letras y Acordes de la Canci\u00f3n - TuCuatro - El Cuatro Venezolano\" \/>\n<meta property=\"og:description\" content=\"A Adim7 Paseando una vez por el malec\u00f3n A extasiado me qued\u00e9 A F#7 Bm al ver una flor perfumando el R\u00edo. D Era angelical como el azahar E7 y corr\u00eda y\" \/>\n<meta property=\"og:url\" content=\"https:\/\/tucuatro.com\/es\/cancion\/viajera-del-rio\/\" \/>\n<meta property=\"og:site_name\" content=\"TuCuatro - El Cuatro Venezolano\" \/>\n<meta property=\"article:publisher\" content=\"https:\/\/facebook.com\/tucuatrodigital\" \/>\n<meta property=\"article:modified_time\" content=\"2022-11-21T16:37:06+00:00\" \/>\n<meta property=\"og:image\" content=\"https:\/\/tucuatro.com\/es\/wp-content\/uploads\/sites\/3\/2020\/04\/0.jpg\" \/>\n\t<meta property=\"og:image:width\" content=\"480\" \/>\n\t<meta property=\"og:image:height\" content=\"360\" \/>\n\t<meta property=\"og:image:type\" content=\"image\/jpeg\" \/>\n<meta name=\"twitter:card\" content=\"summary_large_image\" \/>\n<meta name=\"twitter:site\" content=\"@tucuatro\" \/>\n<meta name=\"twitter:label1\" content=\"Tiempo de lectura\" \/>\n\t<meta name=\"twitter:data1\" content=\"1 minuto\" \/>\n<script type=\"application\/ld+json\" class=\"yoast-schema-graph\">{\"@context\":\"https:\/\/schema.org\",\"@graph\":[{\"@type\":\"WebPage\",\"@id\":\"https:\/\/tucuatro.com\/es\/cancion\/viajera-del-rio\/\",\"url\":\"https:\/\/tucuatro.com\/es\/cancion\/viajera-del-rio\/\",\"name\":\"Viajera del R\u00edo - Letras y Acordes de la Canci\u00f3n - TuCuatro - El Cuatro Venezolano\",\"isPartOf\":{\"@id\":\"https:\/\/tucuatro.com\/es\/#website\"},\"primaryImageOfPage\":{\"@id\":\"https:\/\/tucuatro.com\/es\/cancion\/viajera-del-rio\/#primaryimage\"},\"image\":{\"@id\":\"https:\/\/tucuatro.com\/es\/cancion\/viajera-del-rio\/#primaryimage\"},\"thumbnailUrl\":\"https:\/\/tucuatro.com\/es\/wp-content\/uploads\/sites\/3\/2020\/04\/0.jpg\",\"datePublished\":\"2020-04-28T01:44:13+00:00\",\"dateModified\":\"2022-11-21T16:37:06+00:00\",\"description\":\"A Adim7 Paseando una vez por el malec\u00f3n A extasiado me qued\u00e9 A F#7 Bm al ver una flor perfumando el R\u00edo. D Era angelical como el azahar E7 y corr\u00eda y\",\"breadcrumb\":{\"@id\":\"https:\/\/tucuatro.com\/es\/cancion\/viajera-del-rio\/#breadcrumb\"},\"inLanguage\":\"es\",\"potentialAction\":[{\"@type\":\"ReadAction\",\"target\":[\"https:\/\/tucuatro.com\/es\/cancion\/viajera-del-rio\/\"]}]},{\"@type\":\"ImageObject\",\"inLanguage\":\"es\",\"@id\":\"https:\/\/tucuatro.com\/es\/cancion\/viajera-del-rio\/#primaryimage\",\"url\":\"https:\/\/tucuatro.com\/es\/wp-content\/uploads\/sites\/3\/2020\/04\/0.jpg\",\"contentUrl\":\"https:\/\/tucuatro.com\/es\/wp-content\/uploads\/sites\/3\/2020\/04\/0.jpg\",\"width\":480,\"height\":360},{\"@type\":\"BreadcrumbList\",\"@id\":\"https:\/\/tucuatro.com\/es\/cancion\/viajera-del-rio\/#breadcrumb\",\"itemListElement\":[{\"@type\":\"ListItem\",\"position\":1,\"name\":\"Portada\",\"item\":\"https:\/\/tucuatro.com\/es\/\"},{\"@type\":\"ListItem\",\"position\":2,\"name\":\"Canciones\",\"item\":\"https:\/\/tucuatro.com\/es\/cancion\/\"},{\"@type\":\"ListItem\",\"position\":3,\"name\":\"Viajera del R\u00edo\"}]},{\"@type\":\"WebSite\",\"@id\":\"https:\/\/tucuatro.com\/es\/#website\",\"url\":\"https:\/\/tucuatro.com\/es\/\",\"name\":\"TuCuatro\",\"description\":\"TuCuatro\",\"publisher\":{\"@id\":\"https:\/\/tucuatro.com\/es\/#organization\"},\"potentialAction\":[{\"@type\":\"SearchAction\",\"target\":{\"@type\":\"EntryPoint\",\"urlTemplate\":\"https:\/\/tucuatro.com\/es\/?s={search_term_string}\"},\"query-input\":{\"@type\":\"PropertyValueSpecification\",\"valueRequired\":true,\"valueName\":\"search_term_string\"}}],\"inLanguage\":\"es\"},{\"@type\":\"Organization\",\"@id\":\"https:\/\/tucuatro.com\/es\/#organization\",\"name\":\"TuCuatro\",\"url\":\"https:\/\/tucuatro.com\/es\/\",\"logo\":{\"@type\":\"ImageObject\",\"inLanguage\":\"es\",\"@id\":\"https:\/\/tucuatro.com\/es\/#\/schema\/logo\/image\/\",\"url\":\"https:\/\/tucuatro.com\/es\/wp-content\/uploads\/sites\/3\/2020\/02\/fretboard_icon_black-64px.png\",\"contentUrl\":\"https:\/\/tucuatro.com\/es\/wp-content\/uploads\/sites\/3\/2020\/02\/fretboard_icon_black-64px.png\",\"width\":64,\"height\":107,\"caption\":\"TuCuatro\"},\"image\":{\"@id\":\"https:\/\/tucuatro.com\/es\/#\/schema\/logo\/image\/\"},\"sameAs\":[\"https:\/\/facebook.com\/tucuatrodigital\",\"https:\/\/x.com\/tucuatro\"]}]}<\/script>\n<!-- \/ Yoast SEO plugin. -->","yoast_head_json":{"title":"Viajera del R\u00edo - Letras y Acordes de la Canci\u00f3n - TuCuatro - El Cuatro Venezolano","description":"A Adim7 Paseando una vez por el malec\u00f3n A extasiado me qued\u00e9 A F#7 Bm al ver una flor perfumando el R\u00edo. D Era angelical como el azahar E7 y corr\u00eda y","robots":{"index":"index","follow":"follow","max-snippet":"max-snippet:-1","max-image-preview":"max-image-preview:large","max-video-preview":"max-video-preview:-1"},"canonical":"https:\/\/tucuatro.com\/es\/cancion\/viajera-del-rio\/","og_locale":"es_ES","og_type":"article","og_title":"Viajera del R\u00edo - Letras y Acordes de la Canci\u00f3n - TuCuatro - El Cuatro Venezolano","og_description":"A Adim7 Paseando una vez por el malec\u00f3n A extasiado me qued\u00e9 A F#7 Bm al ver una flor perfumando el R\u00edo. D Era angelical como el azahar E7 y corr\u00eda y","og_url":"https:\/\/tucuatro.com\/es\/cancion\/viajera-del-rio\/","og_site_name":"TuCuatro - El Cuatro Venezolano","article_publisher":"https:\/\/facebook.com\/tucuatrodigital","article_modified_time":"2022-11-21T16:37:06+00:00","og_image":[{"width":480,"height":360,"url":"https:\/\/tucuatro.com\/es\/wp-content\/uploads\/sites\/3\/2020\/04\/0.jpg","type":"image\/jpeg"}],"twitter_card":"summary_large_image","twitter_site":"@tucuatro","twitter_misc":{"Tiempo de lectura":"1 minuto"},"schema":{"@context":"https:\/\/schema.org","@graph":[{"@type":"WebPage","@id":"https:\/\/tucuatro.com\/es\/cancion\/viajera-del-rio\/","url":"https:\/\/tucuatro.com\/es\/cancion\/viajera-del-rio\/","name":"Viajera del R\u00edo - Letras y Acordes de la Canci\u00f3n - TuCuatro - El Cuatro Venezolano","isPartOf":{"@id":"https:\/\/tucuatro.com\/es\/#website"},"primaryImageOfPage":{"@id":"https:\/\/tucuatro.com\/es\/cancion\/viajera-del-rio\/#primaryimage"},"image":{"@id":"https:\/\/tucuatro.com\/es\/cancion\/viajera-del-rio\/#primaryimage"},"thumbnailUrl":"https:\/\/tucuatro.com\/es\/wp-content\/uploads\/sites\/3\/2020\/04\/0.jpg","datePublished":"2020-04-28T01:44:13+00:00","dateModified":"2022-11-21T16:37:06+00:00","description":"A Adim7 Paseando una vez por el malec\u00f3n A extasiado me qued\u00e9 A F#7 Bm al ver una flor perfumando el R\u00edo. D Era angelical como el azahar E7 y corr\u00eda y","breadcrumb":{"@id":"https:\/\/tucuatro.com\/es\/cancion\/viajera-del-rio\/#breadcrumb"},"inLanguage":"es","potentialAction":[{"@type":"ReadAction","target":["https:\/\/tucuatro.com\/es\/cancion\/viajera-del-rio\/"]}]},{"@type":"ImageObject","inLanguage":"es","@id":"https:\/\/tucuatro.com\/es\/cancion\/viajera-del-rio\/#primaryimage","url":"https:\/\/tucuatro.com\/es\/wp-content\/uploads\/sites\/3\/2020\/04\/0.jpg","contentUrl":"https:\/\/tucuatro.com\/es\/wp-content\/uploads\/sites\/3\/2020\/04\/0.jpg","width":480,"height":360},{"@type":"BreadcrumbList","@id":"https:\/\/tucuatro.com\/es\/cancion\/viajera-del-rio\/#breadcrumb","itemListElement":[{"@type":"ListItem","position":1,"name":"Portada","item":"https:\/\/tucuatro.com\/es\/"},{"@type":"ListItem","position":2,"name":"Canciones","item":"https:\/\/tucuatro.com\/es\/cancion\/"},{"@type":"ListItem","position":3,"name":"Viajera del R\u00edo"}]},{"@type":"WebSite","@id":"https:\/\/tucuatro.com\/es\/#website","url":"https:\/\/tucuatro.com\/es\/","name":"TuCuatro","description":"TuCuatro","publisher":{"@id":"https:\/\/tucuatro.com\/es\/#organization"},"potentialAction":[{"@type":"SearchAction","target":{"@type":"EntryPoint","urlTemplate":"https:\/\/tucuatro.com\/es\/?s={search_term_string}"},"query-input":{"@type":"PropertyValueSpecification","valueRequired":true,"valueName":"search_term_string"}}],"inLanguage":"es"},{"@type":"Organization","@id":"https:\/\/tucuatro.com\/es\/#organization","name":"TuCuatro","url":"https:\/\/tucuatro.com\/es\/","logo":{"@type":"ImageObject","inLanguage":"es","@id":"https:\/\/tucuatro.com\/es\/#\/schema\/logo\/image\/","url":"https:\/\/tucuatro.com\/es\/wp-content\/uploads\/sites\/3\/2020\/02\/fretboard_icon_black-64px.png","contentUrl":"https:\/\/tucuatro.com\/es\/wp-content\/uploads\/sites\/3\/2020\/02\/fretboard_icon_black-64px.png","width":64,"height":107,"caption":"TuCuatro"},"image":{"@id":"https:\/\/tucuatro.com\/es\/#\/schema\/logo\/image\/"},"sameAs":["https:\/\/facebook.com\/tucuatrodigital","https:\/\/x.com\/tucuatro"]}]}},"_links":{"self":[{"href":"https:\/\/tucuatro.com\/es\/wp-json\/wp\/v2\/cancion\/25674","targetHints":{"allow":["GET"]}}],"collection":[{"href":"https:\/\/tucuatro.com\/es\/wp-json\/wp\/v2\/cancion"}],"about":[{"href":"https:\/\/tucuatro.com\/es\/wp-json\/wp\/v2\/types\/cancion"}],"author":[{"embeddable":true,"href":"https:\/\/tucuatro.com\/es\/wp-json\/wp\/v2\/users\/1"}],"replies":[{"embeddable":true,"href":"https:\/\/tucuatro.com\/es\/wp-json\/wp\/v2\/comments?post=25674"}],"version-history":[{"count":0,"href":"https:\/\/tucuatro.com\/es\/wp-json\/wp\/v2\/cancion\/25674\/revisions"}],"wp:featuredmedia":[{"embeddable":true,"href":"https:\/\/tucuatro.com\/es\/wp-json\/wp\/v2\/media\/27408"}],"wp:attachment":[{"href":"https:\/\/tucuatro.com\/es\/wp-json\/wp\/v2\/media?parent=25674"}],"wp:term":[{"taxonomy":"song-composer","embeddable":true,"href":"https:\/\/tucuatro.com\/es\/wp-json\/wp\/v2\/song-composer?post=25674"},{"taxonomy":"song-performer","embeddable":true,"href":"https:\/\/tucuatro.com\/es\/wp-json\/wp\/v2\/song-performer?post=25674"},{"taxonomy":"song-genre","embeddable":true,"href":"https:\/\/tucuatro.com\/es\/wp-json\/wp\/v2\/song-genre?post=25674"},{"taxonomy":"song-level","embeddable":true,"href":"https:\/\/tucuatro.com\/es\/wp-json\/wp\/v2\/song-level?post=25674"},{"taxonomy":"song-instrument","embeddable":true,"href":"https:\/\/tucuatro.com\/es\/wp-json\/wp\/v2\/song-instrument?post=25674"},{"taxonomy":"song-country","embeddable":true,"href":"https:\/\/tucuatro.com\/es\/wp-json\/wp\/v2\/song-country?post=25674"},{"taxonomy":"song-songbook","embeddable":true,"href":"https:\/\/tucuatro.com\/es\/wp-json\/wp\/v2\/song-songbook?post=25674"}],"curies":[{"name":"wp","href":"https:\/\/api.w.org\/{rel}","templated":true}]}}