{"id":29334,"date":"2023-10-01T13:27:45","date_gmt":"2023-10-01T17:27:45","guid":{"rendered":"https:\/\/tucuatro.com\/es\/cancion\/cielo-rojo\/"},"modified":"2023-10-01T13:27:45","modified_gmt":"2023-10-01T17:27:45","slug":"cielo-rojo","status":"publish","type":"cancion","link":"https:\/\/tucuatro.com\/es\/cancion\/cielo-rojo\/","title":{"rendered":"Cielo Rojo"},"content":{"rendered":"<p>Tono: Dm<\/p>\n<p>Intro: Dm C F D7 Gm E7 A &#8211; Dm G7 C &#8211; Dm G7 C &#8211; A#<\/p>\n<p>Dm                          C              A#<br \/>\nS\u00f3lo sin tu cari\u00f1o voy caminando, voy caminand<br \/>\n               A<br \/>\ny no s\u00e9 que hacer<br \/>\nDm                 C               A#<br \/>\nni el cielo me contesta, cuando pregunto por<br \/>\n    A7<br \/>\nt\u00ed, mujer.<br \/>\nDm               A#maj7        Am<br \/>\nNo he podido olvidarte desde la noche, desde la<br \/>\nGm7            Asus4\/F<br \/>\nnoche en que te perd\u00ed<br \/>\nDm                C                A#<br \/>\nsombras de duda y celos s\u00f3lo me envuelven<br \/>\n  A           D<br \/>\npensando en ti.<\/p>\n<p>Deja que yo te busque y si te encuentro, y si te<br \/>\nencuentro,<br \/>\n G           A   G      A     D<br \/>\nVuelve otra vez, olvida lo pasado ya no te<br \/>\n   A7               D<br \/>\nacuerdes de aquel ayer.<br \/>\nG           D                A7      Em7    A7<br \/>\nOlvida lo pasado ya no te acuer&#8230;des de aquel<br \/>\n   Dm<br \/>\nayer.<\/p>\n<p>Musica: Am G C A7 Dm B7 E &#8211; Am D7 G &#8211; Am D G &#8211; F<\/p>\n<p>Mientras yo estoy dormido sue\u00f1o que vamos los dos<br \/>\n muy juntos a un cielo azul<br \/>\npero cuando despierto el cielo es rojo, me faltas<br \/>\n t\u00fa.<br \/>\nAunque yo sea culpable de aquella triste, de<br \/>\naquella triste separaci\u00f3n<br \/>\nvuelve por Dios tus ojos, vuelve a quererme,<br \/>\nvuelve mi amor.<\/p>\n<p>Deja que yo te busque y si te encuentro, y si te<br \/>\nencuentro,<br \/>\n G           A   G      A     D<br \/>\nVuelve otra vez, olvida lo pasado ya no te<br \/>\n   A7               D<br \/>\nacuerdes de aquel ayer.<br \/>\nG           D                A7      Em7    A7<br \/>\nOlvida lo pasado ya no te acuer&#8230;des de aquel<br \/>\n   Dm G7 C &#8211; Dm G7 C Dm A#Dm<br \/>\nayer.<\/p>\n","protected":false},"excerpt":{"rendered":"<p>Tono: Dm Intro: Dm C F D7 Gm E7 A &#8211; Dm G7 C &#8211; Dm G7 C &#8211; A# Dm C A# S\u00f3lo sin tu cari\u00f1o voy caminando, voy caminand A y no s\u00e9 que hacer Dm C A# ni el cielo me contesta, cuando pregunto por A7 t\u00ed, mujer. Dm A#maj7 Am No [&hellip;]<\/p>\n","protected":false},"author":14398,"featured_media":29335,"parent":0,"comment_status":"closed","ping_status":"closed","template":"","song-composer":[],"song-performer":[],"song-genre":[145],"song-level":[],"song-instrument":[],"song-country":[],"song-songbook":[],"class_list":["post-29334","cancion","type-cancion","status-publish","has-post-thumbnail","hentry","song-genre-ranchera"],"_tucuatro_song_artist":"Pepe Aguilar - David Z\u00e1izar, Juan Z\u00e1izar.","_tucuatro_song_info":"","_featured_video":"https:\/\/youtu.be\/Vo8OMKptamw?si=Bce3bwZZupRi6Z9l","yoast_head":"<!-- This site is optimized with the Yoast SEO plugin v27.2 - https:\/\/yoast.com\/product\/yoast-seo-wordpress\/ -->\n<title>Cielo Rojo - Letras y Acordes de la Canci\u00f3n - TuCuatro - El Cuatro Venezolano<\/title>\n<meta name=\"description\" content=\"Tono: Dm Intro: Dm C F D7 Gm E7 A - Dm G7 C - Dm G7 C - A# Dm C A# S\u00f3lo sin tu cari\u00f1o voy caminando, voy caminand A y no s\u00e9 que hacer Dm C A# ni el cielo\" \/>\n<meta name=\"robots\" content=\"index, follow, max-snippet:-1, max-image-preview:large, max-video-preview:-1\" \/>\n<link rel=\"canonical\" href=\"https:\/\/tucuatro.com\/es\/cancion\/cielo-rojo\/\" \/>\n<meta property=\"og:locale\" content=\"es_ES\" \/>\n<meta property=\"og:type\" content=\"article\" \/>\n<meta property=\"og:title\" content=\"Cielo Rojo - Letras y Acordes de la Canci\u00f3n - TuCuatro - El Cuatro Venezolano\" \/>\n<meta property=\"og:description\" content=\"Tono: Dm Intro: Dm C F D7 Gm E7 A - Dm G7 C - Dm G7 C - A# Dm C A# S\u00f3lo sin tu cari\u00f1o voy caminando, voy caminand A y no s\u00e9 que hacer Dm C A# ni el cielo\" \/>\n<meta property=\"og:url\" content=\"https:\/\/tucuatro.com\/es\/cancion\/cielo-rojo\/\" \/>\n<meta property=\"og:site_name\" content=\"TuCuatro - El Cuatro Venezolano\" \/>\n<meta property=\"article:publisher\" content=\"https:\/\/facebook.com\/tucuatrodigital\" \/>\n<meta property=\"og:image\" content=\"https:\/\/tucuatro.com\/es\/wp-content\/uploads\/sites\/3\/2023\/10\/maxresdefault-4.jpg\" \/>\n\t<meta property=\"og:image:width\" content=\"1280\" \/>\n\t<meta property=\"og:image:height\" content=\"720\" \/>\n\t<meta property=\"og:image:type\" content=\"image\/jpeg\" \/>\n<meta name=\"twitter:card\" content=\"summary_large_image\" \/>\n<meta name=\"twitter:site\" content=\"@tucuatro\" \/>\n<meta name=\"twitter:label1\" content=\"Tiempo de lectura\" \/>\n\t<meta name=\"twitter:data1\" content=\"1 minuto\" \/>\n<script type=\"application\/ld+json\" class=\"yoast-schema-graph\">{\"@context\":\"https:\/\/schema.org\",\"@graph\":[{\"@type\":\"WebPage\",\"@id\":\"https:\/\/tucuatro.com\/es\/cancion\/cielo-rojo\/\",\"url\":\"https:\/\/tucuatro.com\/es\/cancion\/cielo-rojo\/\",\"name\":\"Cielo Rojo - Letras y Acordes de la Canci\u00f3n - TuCuatro - El Cuatro Venezolano\",\"isPartOf\":{\"@id\":\"https:\/\/tucuatro.com\/es\/#website\"},\"primaryImageOfPage\":{\"@id\":\"https:\/\/tucuatro.com\/es\/cancion\/cielo-rojo\/#primaryimage\"},\"image\":{\"@id\":\"https:\/\/tucuatro.com\/es\/cancion\/cielo-rojo\/#primaryimage\"},\"thumbnailUrl\":\"https:\/\/tucuatro.com\/es\/wp-content\/uploads\/sites\/3\/2023\/10\/maxresdefault-4.jpg\",\"datePublished\":\"2023-10-01T17:27:45+00:00\",\"description\":\"Tono: Dm Intro: Dm C F D7 Gm E7 A - Dm G7 C - Dm G7 C - A# Dm C A# S\u00f3lo sin tu cari\u00f1o voy caminando, voy caminand A y no s\u00e9 que hacer Dm C A# ni el cielo\",\"breadcrumb\":{\"@id\":\"https:\/\/tucuatro.com\/es\/cancion\/cielo-rojo\/#breadcrumb\"},\"inLanguage\":\"es\",\"potentialAction\":[{\"@type\":\"ReadAction\",\"target\":[\"https:\/\/tucuatro.com\/es\/cancion\/cielo-rojo\/\"]}]},{\"@type\":\"ImageObject\",\"inLanguage\":\"es\",\"@id\":\"https:\/\/tucuatro.com\/es\/cancion\/cielo-rojo\/#primaryimage\",\"url\":\"https:\/\/tucuatro.com\/es\/wp-content\/uploads\/sites\/3\/2023\/10\/maxresdefault-4.jpg\",\"contentUrl\":\"https:\/\/tucuatro.com\/es\/wp-content\/uploads\/sites\/3\/2023\/10\/maxresdefault-4.jpg\",\"width\":1280,\"height\":720,\"caption\":\"Cielo Rojo\"},{\"@type\":\"BreadcrumbList\",\"@id\":\"https:\/\/tucuatro.com\/es\/cancion\/cielo-rojo\/#breadcrumb\",\"itemListElement\":[{\"@type\":\"ListItem\",\"position\":1,\"name\":\"Portada\",\"item\":\"https:\/\/tucuatro.com\/es\/\"},{\"@type\":\"ListItem\",\"position\":2,\"name\":\"Canciones\",\"item\":\"https:\/\/tucuatro.com\/es\/cancion\/\"},{\"@type\":\"ListItem\",\"position\":3,\"name\":\"Cielo Rojo\"}]},{\"@type\":\"WebSite\",\"@id\":\"https:\/\/tucuatro.com\/es\/#website\",\"url\":\"https:\/\/tucuatro.com\/es\/\",\"name\":\"TuCuatro\",\"description\":\"TuCuatro\",\"publisher\":{\"@id\":\"https:\/\/tucuatro.com\/es\/#organization\"},\"potentialAction\":[{\"@type\":\"SearchAction\",\"target\":{\"@type\":\"EntryPoint\",\"urlTemplate\":\"https:\/\/tucuatro.com\/es\/?s={search_term_string}\"},\"query-input\":{\"@type\":\"PropertyValueSpecification\",\"valueRequired\":true,\"valueName\":\"search_term_string\"}}],\"inLanguage\":\"es\"},{\"@type\":\"Organization\",\"@id\":\"https:\/\/tucuatro.com\/es\/#organization\",\"name\":\"TuCuatro\",\"url\":\"https:\/\/tucuatro.com\/es\/\",\"logo\":{\"@type\":\"ImageObject\",\"inLanguage\":\"es\",\"@id\":\"https:\/\/tucuatro.com\/es\/#\/schema\/logo\/image\/\",\"url\":\"https:\/\/tucuatro.com\/es\/wp-content\/uploads\/sites\/3\/2020\/02\/fretboard_icon_black-64px.png\",\"contentUrl\":\"https:\/\/tucuatro.com\/es\/wp-content\/uploads\/sites\/3\/2020\/02\/fretboard_icon_black-64px.png\",\"width\":64,\"height\":107,\"caption\":\"TuCuatro\"},\"image\":{\"@id\":\"https:\/\/tucuatro.com\/es\/#\/schema\/logo\/image\/\"},\"sameAs\":[\"https:\/\/facebook.com\/tucuatrodigital\",\"https:\/\/x.com\/tucuatro\"]}]}<\/script>\n<!-- \/ Yoast SEO plugin. -->","yoast_head_json":{"title":"Cielo Rojo - Letras y Acordes de la Canci\u00f3n - TuCuatro - El Cuatro Venezolano","description":"Tono: Dm Intro: Dm C F D7 Gm E7 A - Dm G7 C - Dm G7 C - A# Dm C A# S\u00f3lo sin tu cari\u00f1o voy caminando, voy caminand A y no s\u00e9 que hacer Dm C A# ni el cielo","robots":{"index":"index","follow":"follow","max-snippet":"max-snippet:-1","max-image-preview":"max-image-preview:large","max-video-preview":"max-video-preview:-1"},"canonical":"https:\/\/tucuatro.com\/es\/cancion\/cielo-rojo\/","og_locale":"es_ES","og_type":"article","og_title":"Cielo Rojo - Letras y Acordes de la Canci\u00f3n - TuCuatro - El Cuatro Venezolano","og_description":"Tono: Dm Intro: Dm C F D7 Gm E7 A - Dm G7 C - Dm G7 C - A# Dm C A# S\u00f3lo sin tu cari\u00f1o voy caminando, voy caminand A y no s\u00e9 que hacer Dm C A# ni el cielo","og_url":"https:\/\/tucuatro.com\/es\/cancion\/cielo-rojo\/","og_site_name":"TuCuatro - El Cuatro Venezolano","article_publisher":"https:\/\/facebook.com\/tucuatrodigital","og_image":[{"width":1280,"height":720,"url":"https:\/\/tucuatro.com\/es\/wp-content\/uploads\/sites\/3\/2023\/10\/maxresdefault-4.jpg","type":"image\/jpeg"}],"twitter_card":"summary_large_image","twitter_site":"@tucuatro","twitter_misc":{"Tiempo de lectura":"1 minuto"},"schema":{"@context":"https:\/\/schema.org","@graph":[{"@type":"WebPage","@id":"https:\/\/tucuatro.com\/es\/cancion\/cielo-rojo\/","url":"https:\/\/tucuatro.com\/es\/cancion\/cielo-rojo\/","name":"Cielo Rojo - Letras y Acordes de la Canci\u00f3n - TuCuatro - El Cuatro Venezolano","isPartOf":{"@id":"https:\/\/tucuatro.com\/es\/#website"},"primaryImageOfPage":{"@id":"https:\/\/tucuatro.com\/es\/cancion\/cielo-rojo\/#primaryimage"},"image":{"@id":"https:\/\/tucuatro.com\/es\/cancion\/cielo-rojo\/#primaryimage"},"thumbnailUrl":"https:\/\/tucuatro.com\/es\/wp-content\/uploads\/sites\/3\/2023\/10\/maxresdefault-4.jpg","datePublished":"2023-10-01T17:27:45+00:00","description":"Tono: Dm Intro: Dm C F D7 Gm E7 A - Dm G7 C - Dm G7 C - A# Dm C A# S\u00f3lo sin tu cari\u00f1o voy caminando, voy caminand A y no s\u00e9 que hacer Dm C A# ni el cielo","breadcrumb":{"@id":"https:\/\/tucuatro.com\/es\/cancion\/cielo-rojo\/#breadcrumb"},"inLanguage":"es","potentialAction":[{"@type":"ReadAction","target":["https:\/\/tucuatro.com\/es\/cancion\/cielo-rojo\/"]}]},{"@type":"ImageObject","inLanguage":"es","@id":"https:\/\/tucuatro.com\/es\/cancion\/cielo-rojo\/#primaryimage","url":"https:\/\/tucuatro.com\/es\/wp-content\/uploads\/sites\/3\/2023\/10\/maxresdefault-4.jpg","contentUrl":"https:\/\/tucuatro.com\/es\/wp-content\/uploads\/sites\/3\/2023\/10\/maxresdefault-4.jpg","width":1280,"height":720,"caption":"Cielo Rojo"},{"@type":"BreadcrumbList","@id":"https:\/\/tucuatro.com\/es\/cancion\/cielo-rojo\/#breadcrumb","itemListElement":[{"@type":"ListItem","position":1,"name":"Portada","item":"https:\/\/tucuatro.com\/es\/"},{"@type":"ListItem","position":2,"name":"Canciones","item":"https:\/\/tucuatro.com\/es\/cancion\/"},{"@type":"ListItem","position":3,"name":"Cielo Rojo"}]},{"@type":"WebSite","@id":"https:\/\/tucuatro.com\/es\/#website","url":"https:\/\/tucuatro.com\/es\/","name":"TuCuatro","description":"TuCuatro","publisher":{"@id":"https:\/\/tucuatro.com\/es\/#organization"},"potentialAction":[{"@type":"SearchAction","target":{"@type":"EntryPoint","urlTemplate":"https:\/\/tucuatro.com\/es\/?s={search_term_string}"},"query-input":{"@type":"PropertyValueSpecification","valueRequired":true,"valueName":"search_term_string"}}],"inLanguage":"es"},{"@type":"Organization","@id":"https:\/\/tucuatro.com\/es\/#organization","name":"TuCuatro","url":"https:\/\/tucuatro.com\/es\/","logo":{"@type":"ImageObject","inLanguage":"es","@id":"https:\/\/tucuatro.com\/es\/#\/schema\/logo\/image\/","url":"https:\/\/tucuatro.com\/es\/wp-content\/uploads\/sites\/3\/2020\/02\/fretboard_icon_black-64px.png","contentUrl":"https:\/\/tucuatro.com\/es\/wp-content\/uploads\/sites\/3\/2020\/02\/fretboard_icon_black-64px.png","width":64,"height":107,"caption":"TuCuatro"},"image":{"@id":"https:\/\/tucuatro.com\/es\/#\/schema\/logo\/image\/"},"sameAs":["https:\/\/facebook.com\/tucuatrodigital","https:\/\/x.com\/tucuatro"]}]}},"_links":{"self":[{"href":"https:\/\/tucuatro.com\/es\/wp-json\/wp\/v2\/cancion\/29334","targetHints":{"allow":["GET"]}}],"collection":[{"href":"https:\/\/tucuatro.com\/es\/wp-json\/wp\/v2\/cancion"}],"about":[{"href":"https:\/\/tucuatro.com\/es\/wp-json\/wp\/v2\/types\/cancion"}],"author":[{"embeddable":true,"href":"https:\/\/tucuatro.com\/es\/wp-json\/wp\/v2\/users\/14398"}],"replies":[{"embeddable":true,"href":"https:\/\/tucuatro.com\/es\/wp-json\/wp\/v2\/comments?post=29334"}],"version-history":[{"count":0,"href":"https:\/\/tucuatro.com\/es\/wp-json\/wp\/v2\/cancion\/29334\/revisions"}],"wp:featuredmedia":[{"embeddable":true,"href":"https:\/\/tucuatro.com\/es\/wp-json\/wp\/v2\/media\/29335"}],"wp:attachment":[{"href":"https:\/\/tucuatro.com\/es\/wp-json\/wp\/v2\/media?parent=29334"}],"wp:term":[{"taxonomy":"song-composer","embeddable":true,"href":"https:\/\/tucuatro.com\/es\/wp-json\/wp\/v2\/song-composer?post=29334"},{"taxonomy":"song-performer","embeddable":true,"href":"https:\/\/tucuatro.com\/es\/wp-json\/wp\/v2\/song-performer?post=29334"},{"taxonomy":"song-genre","embeddable":true,"href":"https:\/\/tucuatro.com\/es\/wp-json\/wp\/v2\/song-genre?post=29334"},{"taxonomy":"song-level","embeddable":true,"href":"https:\/\/tucuatro.com\/es\/wp-json\/wp\/v2\/song-level?post=29334"},{"taxonomy":"song-instrument","embeddable":true,"href":"https:\/\/tucuatro.com\/es\/wp-json\/wp\/v2\/song-instrument?post=29334"},{"taxonomy":"song-country","embeddable":true,"href":"https:\/\/tucuatro.com\/es\/wp-json\/wp\/v2\/song-country?post=29334"},{"taxonomy":"song-songbook","embeddable":true,"href":"https:\/\/tucuatro.com\/es\/wp-json\/wp\/v2\/song-songbook?post=29334"}],"curies":[{"name":"wp","href":"https:\/\/api.w.org\/{rel}","templated":true}]}}