{"id":5270,"date":"2015-11-11T08:20:00","date_gmt":"2015-11-11T12:50:00","guid":{"rendered":"https:\/\/tucuatro.com\/es\/?post_type=cancion&#038;p=5270"},"modified":"2021-10-09T21:08:16","modified_gmt":"2021-10-10T01:08:16","slug":"guacara-tucuatro","status":"publish","type":"cancion","link":"https:\/\/tucuatro.com\/es\/cancion\/guacara-tucuatro\/","title":{"rendered":"Gu\u00e1cara"},"content":{"rendered":"<p>Em<br \/>\nGu\u00e1cara me dan por nombre,<br \/>\nE7                 Am<br \/>\nmi forma es de caracol,<br \/>\n                   B7<br \/>\nvivo en la humedad tranquila,<br \/>\n                      Em<br \/>\nhuyo de los rayos del sol.<\/p>\n<p>CORO:<br \/>\nD7<br \/>\nCuando el invierno comienza<br \/>\n                   Am<br \/>\ny la tierra se humedece<br \/>\n                B7<br \/>\ny germina la semilla<br \/>\n     Am7         B7<br \/>\ny la rama reverdece<br \/>\n      Em  B7    Em B7     Em<br \/>\nsalgo yo, salgo yo, salgo yo.<\/p>\n<p>Yo salgo de mi escondite<br \/>\ny en la arena mojada<br \/>\ntras mi lento caminar<br \/>\ndejo una estela plateada.<\/p>\n<p>CORO<\/p>\n<p>El hijo del campesino,<br \/>\nel muchacho barrig\u00f3n,<br \/>\ncuando el hambre lo atormenta<br \/>\npone mi cuerpo al fog\u00f3n.<\/p>\n<p>CORO<\/p>\n<p>Me retuerzo del dolor<br \/>\nsobre la brasa inclemente<br \/>\npidiendo m\u00e1s compasi\u00f3n<br \/>\npara mi cuerpo inocente,<br \/>\n\u00a1qu\u00e9 dolor, ay, qu\u00e9 dolor!<\/p>\n<p>CORO<\/p>\n<p>Pero el muchacho travieso<br \/>\nse r\u00ede de mi agon\u00eda<br \/>\ny al ver que ya estoy asada<br \/>\nme come con alegr\u00eda.<\/p>\n<p>(usar los mismos acordes del CORO):<br \/>\nGu\u00e1cara me dan por nombre,<br \/>\nmi forma es de caracol,<br \/>\nmis ojos son dos cachitos<br \/>\nque reflejan mi tristeza.<br \/>\n\u00a1Qu\u00e9 dolor, qu\u00e9 dolor!<br \/>\n\u00a1Qu\u00e9 dolor, ay, qu\u00e9 dolor!<\/p>\n<p><iframe title=\"Guacara 4chillout\" width=\"800\" height=\"450\" src=\"https:\/\/www.youtube.com\/embed\/ZwFCDb18DlQ?feature=oembed\" frameborder=\"0\" allow=\"accelerometer; autoplay; clipboard-write; encrypted-media; gyroscope; picture-in-picture\" allowfullscreen><\/iframe><\/p>\n","protected":false},"excerpt":{"rendered":"<p>Em Gu\u00e1cara me dan por nombre, E7 Am mi forma es de caracol, B7 vivo en la humedad tranquila, Em huyo de los rayos del sol. CORO: D7 Cuando el invierno comienza Am y la tierra se humedece B7 y germina la semilla Am7 B7 y la rama reverdece Em B7 Em B7 Em salgo [&hellip;]<\/p>\n","protected":false},"author":1,"featured_media":27792,"parent":0,"comment_status":"open","ping_status":"closed","template":"","song-composer":[438],"song-performer":[300],"song-genre":[137],"song-level":[109],"song-instrument":[],"song-country":[161],"song-songbook":[],"class_list":["post-5270","cancion","type-cancion","status-publish","has-post-thumbnail","hentry","song-composer-luis-mariano-rivera","song-performer-gualberto-ibarreto","song-genre-merengue-venezolano","song-level-basico","song-country-venezuela"],"_tucuatro_song_artist":"Luis Mariano Rivera","_tucuatro_song_info":[],"_featured_video":"https:\/\/www.youtube.com\/watch?v=kTy8ITAmG60","yoast_head":"<!-- This site is optimized with the Yoast SEO plugin v27.2 - https:\/\/yoast.com\/product\/yoast-seo-wordpress\/ -->\n<title>Gu\u00e1cara - Letras y Acordes de la Canci\u00f3n - TuCuatro - El Cuatro Venezolano<\/title>\n<meta name=\"description\" content=\"Em Gu\u00e1cara me dan por nombre, E7 Am mi forma es de caracol, B7 vivo en la humedad tranquila, Em huyo de los rayos del sol. CORO: D7 Cuando el invierno\" \/>\n<meta name=\"robots\" content=\"index, follow, max-snippet:-1, max-image-preview:large, max-video-preview:-1\" \/>\n<link rel=\"canonical\" href=\"https:\/\/tucuatro.com\/es\/cancion\/guacara-tucuatro\/\" \/>\n<meta property=\"og:locale\" content=\"es_ES\" \/>\n<meta property=\"og:type\" content=\"article\" \/>\n<meta property=\"og:title\" content=\"Gu\u00e1cara - Letras y Acordes de la Canci\u00f3n - TuCuatro - El Cuatro Venezolano\" \/>\n<meta property=\"og:description\" content=\"Em Gu\u00e1cara me dan por nombre, E7 Am mi forma es de caracol, B7 vivo en la humedad tranquila, Em huyo de los rayos del sol. CORO: D7 Cuando el invierno\" \/>\n<meta property=\"og:url\" content=\"https:\/\/tucuatro.com\/es\/cancion\/guacara-tucuatro\/\" \/>\n<meta property=\"og:site_name\" content=\"TuCuatro - El Cuatro Venezolano\" \/>\n<meta property=\"article:publisher\" content=\"https:\/\/facebook.com\/tucuatrodigital\" \/>\n<meta property=\"article:modified_time\" content=\"2021-10-10T01:08:16+00:00\" \/>\n<meta property=\"og:image\" content=\"https:\/\/tucuatro.com\/es\/wp-content\/uploads\/sites\/3\/2015\/11\/mqdefault-5.jpg\" \/>\n\t<meta property=\"og:image:width\" content=\"320\" \/>\n\t<meta property=\"og:image:height\" content=\"180\" \/>\n\t<meta property=\"og:image:type\" content=\"image\/jpeg\" \/>\n<meta name=\"twitter:card\" content=\"summary_large_image\" \/>\n<meta name=\"twitter:site\" content=\"@tucuatro\" \/>\n<meta name=\"twitter:label1\" content=\"Tiempo de lectura\" \/>\n\t<meta name=\"twitter:data1\" content=\"1 minuto\" \/>\n<script type=\"application\/ld+json\" class=\"yoast-schema-graph\">{\"@context\":\"https:\/\/schema.org\",\"@graph\":[{\"@type\":\"WebPage\",\"@id\":\"https:\/\/tucuatro.com\/es\/cancion\/guacara-tucuatro\/\",\"url\":\"https:\/\/tucuatro.com\/es\/cancion\/guacara-tucuatro\/\",\"name\":\"Gu\u00e1cara - Letras y Acordes de la Canci\u00f3n - TuCuatro - El Cuatro Venezolano\",\"isPartOf\":{\"@id\":\"https:\/\/tucuatro.com\/es\/#website\"},\"primaryImageOfPage\":{\"@id\":\"https:\/\/tucuatro.com\/es\/cancion\/guacara-tucuatro\/#primaryimage\"},\"image\":{\"@id\":\"https:\/\/tucuatro.com\/es\/cancion\/guacara-tucuatro\/#primaryimage\"},\"thumbnailUrl\":\"https:\/\/tucuatro.com\/es\/wp-content\/uploads\/sites\/3\/2015\/11\/mqdefault-5.jpg\",\"datePublished\":\"2015-11-11T12:50:00+00:00\",\"dateModified\":\"2021-10-10T01:08:16+00:00\",\"description\":\"Em Gu\u00e1cara me dan por nombre, E7 Am mi forma es de caracol, B7 vivo en la humedad tranquila, Em huyo de los rayos del sol. CORO: D7 Cuando el invierno\",\"breadcrumb\":{\"@id\":\"https:\/\/tucuatro.com\/es\/cancion\/guacara-tucuatro\/#breadcrumb\"},\"inLanguage\":\"es\",\"potentialAction\":[{\"@type\":\"ReadAction\",\"target\":[\"https:\/\/tucuatro.com\/es\/cancion\/guacara-tucuatro\/\"]}]},{\"@type\":\"ImageObject\",\"inLanguage\":\"es\",\"@id\":\"https:\/\/tucuatro.com\/es\/cancion\/guacara-tucuatro\/#primaryimage\",\"url\":\"https:\/\/tucuatro.com\/es\/wp-content\/uploads\/sites\/3\/2015\/11\/mqdefault-5.jpg\",\"contentUrl\":\"https:\/\/tucuatro.com\/es\/wp-content\/uploads\/sites\/3\/2015\/11\/mqdefault-5.jpg\",\"width\":320,\"height\":180},{\"@type\":\"BreadcrumbList\",\"@id\":\"https:\/\/tucuatro.com\/es\/cancion\/guacara-tucuatro\/#breadcrumb\",\"itemListElement\":[{\"@type\":\"ListItem\",\"position\":1,\"name\":\"Portada\",\"item\":\"https:\/\/tucuatro.com\/es\/\"},{\"@type\":\"ListItem\",\"position\":2,\"name\":\"Canciones\",\"item\":\"https:\/\/tucuatro.com\/es\/cancion\/\"},{\"@type\":\"ListItem\",\"position\":3,\"name\":\"Gu\u00e1cara\"}]},{\"@type\":\"WebSite\",\"@id\":\"https:\/\/tucuatro.com\/es\/#website\",\"url\":\"https:\/\/tucuatro.com\/es\/\",\"name\":\"TuCuatro\",\"description\":\"TuCuatro\",\"publisher\":{\"@id\":\"https:\/\/tucuatro.com\/es\/#organization\"},\"potentialAction\":[{\"@type\":\"SearchAction\",\"target\":{\"@type\":\"EntryPoint\",\"urlTemplate\":\"https:\/\/tucuatro.com\/es\/?s={search_term_string}\"},\"query-input\":{\"@type\":\"PropertyValueSpecification\",\"valueRequired\":true,\"valueName\":\"search_term_string\"}}],\"inLanguage\":\"es\"},{\"@type\":\"Organization\",\"@id\":\"https:\/\/tucuatro.com\/es\/#organization\",\"name\":\"TuCuatro\",\"url\":\"https:\/\/tucuatro.com\/es\/\",\"logo\":{\"@type\":\"ImageObject\",\"inLanguage\":\"es\",\"@id\":\"https:\/\/tucuatro.com\/es\/#\/schema\/logo\/image\/\",\"url\":\"https:\/\/tucuatro.com\/es\/wp-content\/uploads\/sites\/3\/2020\/02\/fretboard_icon_black-64px.png\",\"contentUrl\":\"https:\/\/tucuatro.com\/es\/wp-content\/uploads\/sites\/3\/2020\/02\/fretboard_icon_black-64px.png\",\"width\":64,\"height\":107,\"caption\":\"TuCuatro\"},\"image\":{\"@id\":\"https:\/\/tucuatro.com\/es\/#\/schema\/logo\/image\/\"},\"sameAs\":[\"https:\/\/facebook.com\/tucuatrodigital\",\"https:\/\/x.com\/tucuatro\"]}]}<\/script>\n<!-- \/ Yoast SEO plugin. -->","yoast_head_json":{"title":"Gu\u00e1cara - Letras y Acordes de la Canci\u00f3n - TuCuatro - El Cuatro Venezolano","description":"Em Gu\u00e1cara me dan por nombre, E7 Am mi forma es de caracol, B7 vivo en la humedad tranquila, Em huyo de los rayos del sol. CORO: D7 Cuando el invierno","robots":{"index":"index","follow":"follow","max-snippet":"max-snippet:-1","max-image-preview":"max-image-preview:large","max-video-preview":"max-video-preview:-1"},"canonical":"https:\/\/tucuatro.com\/es\/cancion\/guacara-tucuatro\/","og_locale":"es_ES","og_type":"article","og_title":"Gu\u00e1cara - Letras y Acordes de la Canci\u00f3n - TuCuatro - El Cuatro Venezolano","og_description":"Em Gu\u00e1cara me dan por nombre, E7 Am mi forma es de caracol, B7 vivo en la humedad tranquila, Em huyo de los rayos del sol. CORO: D7 Cuando el invierno","og_url":"https:\/\/tucuatro.com\/es\/cancion\/guacara-tucuatro\/","og_site_name":"TuCuatro - El Cuatro Venezolano","article_publisher":"https:\/\/facebook.com\/tucuatrodigital","article_modified_time":"2021-10-10T01:08:16+00:00","og_image":[{"width":320,"height":180,"url":"https:\/\/tucuatro.com\/es\/wp-content\/uploads\/sites\/3\/2015\/11\/mqdefault-5.jpg","type":"image\/jpeg"}],"twitter_card":"summary_large_image","twitter_site":"@tucuatro","twitter_misc":{"Tiempo de lectura":"1 minuto"},"schema":{"@context":"https:\/\/schema.org","@graph":[{"@type":"WebPage","@id":"https:\/\/tucuatro.com\/es\/cancion\/guacara-tucuatro\/","url":"https:\/\/tucuatro.com\/es\/cancion\/guacara-tucuatro\/","name":"Gu\u00e1cara - Letras y Acordes de la Canci\u00f3n - TuCuatro - El Cuatro Venezolano","isPartOf":{"@id":"https:\/\/tucuatro.com\/es\/#website"},"primaryImageOfPage":{"@id":"https:\/\/tucuatro.com\/es\/cancion\/guacara-tucuatro\/#primaryimage"},"image":{"@id":"https:\/\/tucuatro.com\/es\/cancion\/guacara-tucuatro\/#primaryimage"},"thumbnailUrl":"https:\/\/tucuatro.com\/es\/wp-content\/uploads\/sites\/3\/2015\/11\/mqdefault-5.jpg","datePublished":"2015-11-11T12:50:00+00:00","dateModified":"2021-10-10T01:08:16+00:00","description":"Em Gu\u00e1cara me dan por nombre, E7 Am mi forma es de caracol, B7 vivo en la humedad tranquila, Em huyo de los rayos del sol. CORO: D7 Cuando el invierno","breadcrumb":{"@id":"https:\/\/tucuatro.com\/es\/cancion\/guacara-tucuatro\/#breadcrumb"},"inLanguage":"es","potentialAction":[{"@type":"ReadAction","target":["https:\/\/tucuatro.com\/es\/cancion\/guacara-tucuatro\/"]}]},{"@type":"ImageObject","inLanguage":"es","@id":"https:\/\/tucuatro.com\/es\/cancion\/guacara-tucuatro\/#primaryimage","url":"https:\/\/tucuatro.com\/es\/wp-content\/uploads\/sites\/3\/2015\/11\/mqdefault-5.jpg","contentUrl":"https:\/\/tucuatro.com\/es\/wp-content\/uploads\/sites\/3\/2015\/11\/mqdefault-5.jpg","width":320,"height":180},{"@type":"BreadcrumbList","@id":"https:\/\/tucuatro.com\/es\/cancion\/guacara-tucuatro\/#breadcrumb","itemListElement":[{"@type":"ListItem","position":1,"name":"Portada","item":"https:\/\/tucuatro.com\/es\/"},{"@type":"ListItem","position":2,"name":"Canciones","item":"https:\/\/tucuatro.com\/es\/cancion\/"},{"@type":"ListItem","position":3,"name":"Gu\u00e1cara"}]},{"@type":"WebSite","@id":"https:\/\/tucuatro.com\/es\/#website","url":"https:\/\/tucuatro.com\/es\/","name":"TuCuatro","description":"TuCuatro","publisher":{"@id":"https:\/\/tucuatro.com\/es\/#organization"},"potentialAction":[{"@type":"SearchAction","target":{"@type":"EntryPoint","urlTemplate":"https:\/\/tucuatro.com\/es\/?s={search_term_string}"},"query-input":{"@type":"PropertyValueSpecification","valueRequired":true,"valueName":"search_term_string"}}],"inLanguage":"es"},{"@type":"Organization","@id":"https:\/\/tucuatro.com\/es\/#organization","name":"TuCuatro","url":"https:\/\/tucuatro.com\/es\/","logo":{"@type":"ImageObject","inLanguage":"es","@id":"https:\/\/tucuatro.com\/es\/#\/schema\/logo\/image\/","url":"https:\/\/tucuatro.com\/es\/wp-content\/uploads\/sites\/3\/2020\/02\/fretboard_icon_black-64px.png","contentUrl":"https:\/\/tucuatro.com\/es\/wp-content\/uploads\/sites\/3\/2020\/02\/fretboard_icon_black-64px.png","width":64,"height":107,"caption":"TuCuatro"},"image":{"@id":"https:\/\/tucuatro.com\/es\/#\/schema\/logo\/image\/"},"sameAs":["https:\/\/facebook.com\/tucuatrodigital","https:\/\/x.com\/tucuatro"]}]}},"_links":{"self":[{"href":"https:\/\/tucuatro.com\/es\/wp-json\/wp\/v2\/cancion\/5270","targetHints":{"allow":["GET"]}}],"collection":[{"href":"https:\/\/tucuatro.com\/es\/wp-json\/wp\/v2\/cancion"}],"about":[{"href":"https:\/\/tucuatro.com\/es\/wp-json\/wp\/v2\/types\/cancion"}],"author":[{"embeddable":true,"href":"https:\/\/tucuatro.com\/es\/wp-json\/wp\/v2\/users\/1"}],"replies":[{"embeddable":true,"href":"https:\/\/tucuatro.com\/es\/wp-json\/wp\/v2\/comments?post=5270"}],"version-history":[{"count":0,"href":"https:\/\/tucuatro.com\/es\/wp-json\/wp\/v2\/cancion\/5270\/revisions"}],"wp:featuredmedia":[{"embeddable":true,"href":"https:\/\/tucuatro.com\/es\/wp-json\/wp\/v2\/media\/27792"}],"wp:attachment":[{"href":"https:\/\/tucuatro.com\/es\/wp-json\/wp\/v2\/media?parent=5270"}],"wp:term":[{"taxonomy":"song-composer","embeddable":true,"href":"https:\/\/tucuatro.com\/es\/wp-json\/wp\/v2\/song-composer?post=5270"},{"taxonomy":"song-performer","embeddable":true,"href":"https:\/\/tucuatro.com\/es\/wp-json\/wp\/v2\/song-performer?post=5270"},{"taxonomy":"song-genre","embeddable":true,"href":"https:\/\/tucuatro.com\/es\/wp-json\/wp\/v2\/song-genre?post=5270"},{"taxonomy":"song-level","embeddable":true,"href":"https:\/\/tucuatro.com\/es\/wp-json\/wp\/v2\/song-level?post=5270"},{"taxonomy":"song-instrument","embeddable":true,"href":"https:\/\/tucuatro.com\/es\/wp-json\/wp\/v2\/song-instrument?post=5270"},{"taxonomy":"song-country","embeddable":true,"href":"https:\/\/tucuatro.com\/es\/wp-json\/wp\/v2\/song-country?post=5270"},{"taxonomy":"song-songbook","embeddable":true,"href":"https:\/\/tucuatro.com\/es\/wp-json\/wp\/v2\/song-songbook?post=5270"}],"curies":[{"name":"wp","href":"https:\/\/api.w.org\/{rel}","templated":true}]}}