{"id":6094,"date":"2015-12-09T08:48:18","date_gmt":"2015-12-09T13:18:18","guid":{"rendered":"https:\/\/tucuatro.com\/es\/?post_type=cancion&amp;p=6094"},"modified":"2015-12-09T08:48:18","modified_gmt":"2015-12-09T13:18:18","slug":"la-negra","status":"publish","type":"cancion","link":"https:\/\/tucuatro.com\/es\/cancion\/la-negra\/","title":{"rendered":"La Negra"},"content":{"rendered":"<p>Em       B7       Em<br \/>\nYo no s\u00e9 porque ser\u00e1<br \/>\n       E7            Am<br \/>\nque la negra no me quiere<br \/>\n                  Em<br \/>\ny es la pura realidad<br \/>\n              B7<br \/>\nque sin t\u00ed mi bien<br \/>\n               Em<br \/>\nmis esperanzas mueren.<\/p>\n<p>En tu pecho una linda flor palpit\u00f3,<br \/>\nuna tarde crepuscular de abril.<br \/>\nY el recuerdo de una ilusi\u00f3n que colm\u00f3<br \/>\nlo que siento yo por t\u00ed.<\/p>\n<p>Linda negra, no seas cruel.<br \/>\nQui\u00e9reme, b\u00e9same,<br \/>\nporque est\u00e1s en mi coraz\u00f3n<br \/>\ncomo diosa del amor.<\/p>\n","protected":false},"excerpt":{"rendered":"<p>Em B7 Em Yo no s\u00e9 porque ser\u00e1 E7 Am que la negra no me quiere Em y es la pura realidad B7 que sin t\u00ed mi bien Em mis esperanzas mueren. En tu pecho una linda flor palpit\u00f3, una tarde crepuscular de abril. Y el recuerdo de una ilusi\u00f3n que colm\u00f3 lo que siento [&hellip;]<\/p>\n","protected":false},"author":1,"featured_media":0,"parent":0,"comment_status":"open","ping_status":"closed","template":"","song-composer":[],"song-performer":[],"song-genre":[156],"song-level":[109],"song-instrument":[],"song-country":[161],"song-songbook":[],"class_list":["post-6094","cancion","type-cancion","status-publish","hentry","song-genre-tradicional","song-level-basico","song-country-venezuela"],"_tucuatro_song_artist":"Juan Pablo Ceballos","_tucuatro_song_info":"","_featured_video":"","yoast_head":"<!-- This site is optimized with the Yoast SEO plugin v27.2 - https:\/\/yoast.com\/product\/yoast-seo-wordpress\/ -->\n<title>La Negra - Letras y Acordes de la Canci\u00f3n - TuCuatro - El Cuatro Venezolano<\/title>\n<meta name=\"description\" content=\"Em B7 Em Yo no s\u00e9 porque ser\u00e1 E7 Am que la negra no me quiere Em y es la pura realidad B7 que sin t\u00ed mi bien Em mis esperanzas mueren. En tu pecho una\" \/>\n<meta name=\"robots\" content=\"index, follow, max-snippet:-1, max-image-preview:large, max-video-preview:-1\" \/>\n<link rel=\"canonical\" href=\"https:\/\/tucuatro.com\/es\/cancion\/la-negra\/\" \/>\n<meta property=\"og:locale\" content=\"es_ES\" \/>\n<meta property=\"og:type\" content=\"article\" \/>\n<meta property=\"og:title\" content=\"La Negra - Letras y Acordes de la Canci\u00f3n - TuCuatro - El Cuatro Venezolano\" \/>\n<meta property=\"og:description\" content=\"Em B7 Em Yo no s\u00e9 porque ser\u00e1 E7 Am que la negra no me quiere Em y es la pura realidad B7 que sin t\u00ed mi bien Em mis esperanzas mueren. En tu pecho una\" \/>\n<meta property=\"og:url\" content=\"https:\/\/tucuatro.com\/es\/cancion\/la-negra\/\" \/>\n<meta property=\"og:site_name\" content=\"TuCuatro - El Cuatro Venezolano\" \/>\n<meta property=\"article:publisher\" content=\"https:\/\/facebook.com\/tucuatrodigital\" \/>\n<meta property=\"og:image\" content=\"https:\/\/tucuatro.com\/es\/wp-content\/uploads\/sites\/3\/2020\/02\/tucuatro-featured-image.jpg\" \/>\n\t<meta property=\"og:image:width\" content=\"1200\" \/>\n\t<meta property=\"og:image:height\" content=\"628\" \/>\n\t<meta property=\"og:image:type\" content=\"image\/jpeg\" \/>\n<meta name=\"twitter:card\" content=\"summary_large_image\" \/>\n<meta name=\"twitter:site\" content=\"@tucuatro\" \/>\n<script type=\"application\/ld+json\" class=\"yoast-schema-graph\">{\"@context\":\"https:\/\/schema.org\",\"@graph\":[{\"@type\":\"WebPage\",\"@id\":\"https:\/\/tucuatro.com\/es\/cancion\/la-negra\/\",\"url\":\"https:\/\/tucuatro.com\/es\/cancion\/la-negra\/\",\"name\":\"La Negra - Letras y Acordes de la Canci\u00f3n - TuCuatro - El Cuatro Venezolano\",\"isPartOf\":{\"@id\":\"https:\/\/tucuatro.com\/es\/#website\"},\"datePublished\":\"2015-12-09T13:18:18+00:00\",\"description\":\"Em B7 Em Yo no s\u00e9 porque ser\u00e1 E7 Am que la negra no me quiere Em y es la pura realidad B7 que sin t\u00ed mi bien Em mis esperanzas mueren. En tu pecho una\",\"breadcrumb\":{\"@id\":\"https:\/\/tucuatro.com\/es\/cancion\/la-negra\/#breadcrumb\"},\"inLanguage\":\"es\",\"potentialAction\":[{\"@type\":\"ReadAction\",\"target\":[\"https:\/\/tucuatro.com\/es\/cancion\/la-negra\/\"]}]},{\"@type\":\"BreadcrumbList\",\"@id\":\"https:\/\/tucuatro.com\/es\/cancion\/la-negra\/#breadcrumb\",\"itemListElement\":[{\"@type\":\"ListItem\",\"position\":1,\"name\":\"Portada\",\"item\":\"https:\/\/tucuatro.com\/es\/\"},{\"@type\":\"ListItem\",\"position\":2,\"name\":\"Canciones\",\"item\":\"https:\/\/tucuatro.com\/es\/cancion\/\"},{\"@type\":\"ListItem\",\"position\":3,\"name\":\"La Negra\"}]},{\"@type\":\"WebSite\",\"@id\":\"https:\/\/tucuatro.com\/es\/#website\",\"url\":\"https:\/\/tucuatro.com\/es\/\",\"name\":\"TuCuatro\",\"description\":\"TuCuatro\",\"publisher\":{\"@id\":\"https:\/\/tucuatro.com\/es\/#organization\"},\"potentialAction\":[{\"@type\":\"SearchAction\",\"target\":{\"@type\":\"EntryPoint\",\"urlTemplate\":\"https:\/\/tucuatro.com\/es\/?s={search_term_string}\"},\"query-input\":{\"@type\":\"PropertyValueSpecification\",\"valueRequired\":true,\"valueName\":\"search_term_string\"}}],\"inLanguage\":\"es\"},{\"@type\":\"Organization\",\"@id\":\"https:\/\/tucuatro.com\/es\/#organization\",\"name\":\"TuCuatro\",\"url\":\"https:\/\/tucuatro.com\/es\/\",\"logo\":{\"@type\":\"ImageObject\",\"inLanguage\":\"es\",\"@id\":\"https:\/\/tucuatro.com\/es\/#\/schema\/logo\/image\/\",\"url\":\"https:\/\/tucuatro.com\/es\/wp-content\/uploads\/sites\/3\/2020\/02\/fretboard_icon_black-64px.png\",\"contentUrl\":\"https:\/\/tucuatro.com\/es\/wp-content\/uploads\/sites\/3\/2020\/02\/fretboard_icon_black-64px.png\",\"width\":64,\"height\":107,\"caption\":\"TuCuatro\"},\"image\":{\"@id\":\"https:\/\/tucuatro.com\/es\/#\/schema\/logo\/image\/\"},\"sameAs\":[\"https:\/\/facebook.com\/tucuatrodigital\",\"https:\/\/x.com\/tucuatro\"]}]}<\/script>\n<!-- \/ Yoast SEO plugin. -->","yoast_head_json":{"title":"La Negra - Letras y Acordes de la Canci\u00f3n - TuCuatro - El Cuatro Venezolano","description":"Em B7 Em Yo no s\u00e9 porque ser\u00e1 E7 Am que la negra no me quiere Em y es la pura realidad B7 que sin t\u00ed mi bien Em mis esperanzas mueren. En tu pecho una","robots":{"index":"index","follow":"follow","max-snippet":"max-snippet:-1","max-image-preview":"max-image-preview:large","max-video-preview":"max-video-preview:-1"},"canonical":"https:\/\/tucuatro.com\/es\/cancion\/la-negra\/","og_locale":"es_ES","og_type":"article","og_title":"La Negra - Letras y Acordes de la Canci\u00f3n - TuCuatro - El Cuatro Venezolano","og_description":"Em B7 Em Yo no s\u00e9 porque ser\u00e1 E7 Am que la negra no me quiere Em y es la pura realidad B7 que sin t\u00ed mi bien Em mis esperanzas mueren. En tu pecho una","og_url":"https:\/\/tucuatro.com\/es\/cancion\/la-negra\/","og_site_name":"TuCuatro - El Cuatro Venezolano","article_publisher":"https:\/\/facebook.com\/tucuatrodigital","og_image":[{"width":1200,"height":628,"url":"https:\/\/tucuatro.com\/es\/wp-content\/uploads\/sites\/3\/2020\/02\/tucuatro-featured-image.jpg","type":"image\/jpeg"}],"twitter_card":"summary_large_image","twitter_site":"@tucuatro","schema":{"@context":"https:\/\/schema.org","@graph":[{"@type":"WebPage","@id":"https:\/\/tucuatro.com\/es\/cancion\/la-negra\/","url":"https:\/\/tucuatro.com\/es\/cancion\/la-negra\/","name":"La Negra - Letras y Acordes de la Canci\u00f3n - TuCuatro - El Cuatro Venezolano","isPartOf":{"@id":"https:\/\/tucuatro.com\/es\/#website"},"datePublished":"2015-12-09T13:18:18+00:00","description":"Em B7 Em Yo no s\u00e9 porque ser\u00e1 E7 Am que la negra no me quiere Em y es la pura realidad B7 que sin t\u00ed mi bien Em mis esperanzas mueren. En tu pecho una","breadcrumb":{"@id":"https:\/\/tucuatro.com\/es\/cancion\/la-negra\/#breadcrumb"},"inLanguage":"es","potentialAction":[{"@type":"ReadAction","target":["https:\/\/tucuatro.com\/es\/cancion\/la-negra\/"]}]},{"@type":"BreadcrumbList","@id":"https:\/\/tucuatro.com\/es\/cancion\/la-negra\/#breadcrumb","itemListElement":[{"@type":"ListItem","position":1,"name":"Portada","item":"https:\/\/tucuatro.com\/es\/"},{"@type":"ListItem","position":2,"name":"Canciones","item":"https:\/\/tucuatro.com\/es\/cancion\/"},{"@type":"ListItem","position":3,"name":"La Negra"}]},{"@type":"WebSite","@id":"https:\/\/tucuatro.com\/es\/#website","url":"https:\/\/tucuatro.com\/es\/","name":"TuCuatro","description":"TuCuatro","publisher":{"@id":"https:\/\/tucuatro.com\/es\/#organization"},"potentialAction":[{"@type":"SearchAction","target":{"@type":"EntryPoint","urlTemplate":"https:\/\/tucuatro.com\/es\/?s={search_term_string}"},"query-input":{"@type":"PropertyValueSpecification","valueRequired":true,"valueName":"search_term_string"}}],"inLanguage":"es"},{"@type":"Organization","@id":"https:\/\/tucuatro.com\/es\/#organization","name":"TuCuatro","url":"https:\/\/tucuatro.com\/es\/","logo":{"@type":"ImageObject","inLanguage":"es","@id":"https:\/\/tucuatro.com\/es\/#\/schema\/logo\/image\/","url":"https:\/\/tucuatro.com\/es\/wp-content\/uploads\/sites\/3\/2020\/02\/fretboard_icon_black-64px.png","contentUrl":"https:\/\/tucuatro.com\/es\/wp-content\/uploads\/sites\/3\/2020\/02\/fretboard_icon_black-64px.png","width":64,"height":107,"caption":"TuCuatro"},"image":{"@id":"https:\/\/tucuatro.com\/es\/#\/schema\/logo\/image\/"},"sameAs":["https:\/\/facebook.com\/tucuatrodigital","https:\/\/x.com\/tucuatro"]}]}},"_links":{"self":[{"href":"https:\/\/tucuatro.com\/es\/wp-json\/wp\/v2\/cancion\/6094","targetHints":{"allow":["GET"]}}],"collection":[{"href":"https:\/\/tucuatro.com\/es\/wp-json\/wp\/v2\/cancion"}],"about":[{"href":"https:\/\/tucuatro.com\/es\/wp-json\/wp\/v2\/types\/cancion"}],"author":[{"embeddable":true,"href":"https:\/\/tucuatro.com\/es\/wp-json\/wp\/v2\/users\/1"}],"replies":[{"embeddable":true,"href":"https:\/\/tucuatro.com\/es\/wp-json\/wp\/v2\/comments?post=6094"}],"version-history":[{"count":0,"href":"https:\/\/tucuatro.com\/es\/wp-json\/wp\/v2\/cancion\/6094\/revisions"}],"wp:attachment":[{"href":"https:\/\/tucuatro.com\/es\/wp-json\/wp\/v2\/media?parent=6094"}],"wp:term":[{"taxonomy":"song-composer","embeddable":true,"href":"https:\/\/tucuatro.com\/es\/wp-json\/wp\/v2\/song-composer?post=6094"},{"taxonomy":"song-performer","embeddable":true,"href":"https:\/\/tucuatro.com\/es\/wp-json\/wp\/v2\/song-performer?post=6094"},{"taxonomy":"song-genre","embeddable":true,"href":"https:\/\/tucuatro.com\/es\/wp-json\/wp\/v2\/song-genre?post=6094"},{"taxonomy":"song-level","embeddable":true,"href":"https:\/\/tucuatro.com\/es\/wp-json\/wp\/v2\/song-level?post=6094"},{"taxonomy":"song-instrument","embeddable":true,"href":"https:\/\/tucuatro.com\/es\/wp-json\/wp\/v2\/song-instrument?post=6094"},{"taxonomy":"song-country","embeddable":true,"href":"https:\/\/tucuatro.com\/es\/wp-json\/wp\/v2\/song-country?post=6094"},{"taxonomy":"song-songbook","embeddable":true,"href":"https:\/\/tucuatro.com\/es\/wp-json\/wp\/v2\/song-songbook?post=6094"}],"curies":[{"name":"wp","href":"https:\/\/api.w.org\/{rel}","templated":true}]}}